{"id":83606,"date":"2020-06-12T11:16:29","date_gmt":"2020-06-12T11:16:29","guid":{"rendered":"http:\/\/amel-manai.com\/redesign\/?page_id=83606"},"modified":"2026-04-10T06:48:35","modified_gmt":"2026-04-10T06:48:35","slug":"traumatherapeutin","status":"publish","type":"page","link":"https:\/\/amel-paulukat.com\/en\/traumatherapeutin\/","title":{"rendered":"\u00dcber mich"},"content":{"rendered":"<div class=\"wpb-content-wrapper\"><p>[vc_row row_height_percent=&#8221;0&#8243; overlay_alpha=&#8221;50&#8243; gutter_size=&#8221;3&#8243; column_width_percent=&#8221;100&#8243; shift_y=&#8221;0&#8243; z_index=&#8221;0&#8243; css=&#8221;.vc_custom_1595322351450{padding-top: 84px !important;padding-bottom: 0px !important;}&#8221;][vc_column width=&#8221;1\/1&#8243;][vc_empty_space empty_h=&#8221;1&#8243;][vc_custom_heading text_color=&#8221;accent&#8221;]Herzlich willkommen![\/vc_custom_heading][vc_empty_space empty_h=&#8221;1&#8243;][vc_column_text]<\/p>\n<p data-start=\"81\" data-end=\"224\">Seit mehreren Jahren begleite ich Menschen erfolgreich dabei, pers\u00f6nliche und berufliche Ver\u00e4nderungen selbstbewusst und gest\u00e4rkt zu gestalten.<\/p>\n<p data-start=\"226\" data-end=\"610\">Besonders am Herzen liegt mir die Arbeit mit Menschen, die schwer traumatisiert sind, sich verloren oder aufgegeben f\u00fchlen und scheinbar keinen Ausweg mehr sehen. Mit den von mir angewandten therapeutischen Verfahren unterst\u00fctze ich sie einf\u00fchlsam dabei, sich wieder mit sich selbst zu verbinden, Resilienz zu entwickeln und wieder fest und stabil mit beiden F\u00fc\u00dfen im Leben zu stehen.<\/p>\n<p data-start=\"612\" data-end=\"789\">Unabh\u00e4ngig von den individuellen Hintergr\u00fcnden verfolge ich stets das Ziel, Sie dabei zu begleiten, Herausforderungen mit mehr Klarheit, Gelassenheit und Zuversicht zu meistern.<\/p>\n<p data-start=\"791\" data-end=\"965\">Ich nehme mir die Zeit, die Sie brauchen, um Sie kompetent und vertrauensvoll auf Ihrem Weg zu Ihrem pers\u00f6nlichen Ziel zu unterst\u00fctzen und nachhaltige L\u00f6sungen zu entwickeln.<\/p>\n<p>[\/vc_column_text][\/vc_column][\/vc_row][vc_row row_height_percent=&#8221;0&#8243; overlay_alpha=&#8221;50&#8243; gutter_size=&#8221;3&#8243; column_width_percent=&#8221;100&#8243; shift_y=&#8221;0&#8243; z_index=&#8221;0&#8243; css=&#8221;.vc_custom_1595322351450{padding-top: 84px !important;padding-bottom: 0px !important;}&#8221;][vc_column width=&#8221;1\/1&#8243;][vc_custom_heading text_size=&#8221;h3&#8243; text_color=&#8221;accent&#8221;]\u00dcber mich[\/vc_custom_heading][vc_empty_space empty_h=&#8221;0&#8243;][vc_column_text]<strong>Heilpraktikerin f\u00fcr Psychotherapie | Traumatherapie | Systemische Verfahren | Integrative Methoden<\/strong><\/p>\n<p><strong>Integrative Traumatherapie &#038; systemische Begleitung \u2013 achtsam, fundiert, wirkungsvoll<\/strong><\/p>\n<p>In meiner therapeutischen Arbeit verbinde ich vielf\u00e4ltige, bew\u00e4hrte Methoden, um Menschen auf ihrem Weg zu mehr innerer Klarheit, Stabilit\u00e4t und Lebenskraft zu begleiten. Zum Einsatz kommen unter anderem EMDR, Hypnosetherapie, systemische Aufstellungen und insbesondere Traumaaufstellungen, die unbewusste Verstrickungen und emotionale Blockaden sichtbar machen und nachhaltig l\u00f6sen k\u00f6nnen. Erg\u00e4nzend arbeite ich mit EFT (Emotional Freedom Techniques), Spagyrik und Bachbl\u00fctentherapie.<\/p>\n<p>Elemente aus Achtsamkeit, Meditation, Yoga sowie k\u00f6rper- und systemorientierter Arbeit flie\u00dfen je nach Anliegen unterst\u00fctzend mit ein.<\/p>\n<p>Ich bin ausgebildete Juristin, Mediatorin und zertifizierte EMDR-Therapeutin. Eine zentrale Grundlage meiner Arbeit bildet die Ausbildung in systemischer Struktur- und Traumaaufstellung bei Dr. Ero Langlotz, einschlie\u00dflich der Masterclass. Dar\u00fcber hinaus habe ich zahlreiche weitere Weiterbildungen in unterschiedlichen Formen der Familien- und systemischen Aufstellungen absolviert. Als Yoga- und Meditationslehrerin bringe ich zudem achtsamkeitsbasierte Perspektiven in die therapeutische Arbeit ein.<\/p>\n<p><strong>Traumatherapie als Herzst\u00fcck meiner Praxis<\/strong><\/p>\n<p>Ein besonderer Schwerpunkt meiner Arbeit liegt auf der Begleitung von Menschen mit \u00fcberw\u00e4ltigenden oder unverarbeiteten Lebenserfahrungen. Solche Pr\u00e4gungen wirken h\u00e4ufig bis in die Gegenwart hinein \u2013 sie beeinflussen unser inneres Erleben, unsere Beziehungen und unser Selbstbild. In einem gesch\u00fctzten, vertrauensvollen Rahmen unterst\u00fctze ich Sie dabei, diese Erfahrungen bewusst wahrzunehmen, behutsam zu bearbeiten und sich davon zu l\u00f6sen \u2013 mit dem Ziel, wieder in Kontakt mit der eigenen Lebensenergie, inneren Sicherheit und Selbstwirksamkeit zu kommen.<\/p>\n<p><strong>F\u00fcr Einzelpersonen, Paare, Gruppen und Unternehmen \u2013 in Deutsch und Englisch<\/strong><\/p>\n<p>Ich begleite Menschen in verschiedenen Lebensphasen und Kontexten \u2013 individuell, klar, empathisch und auf Augenh\u00f6he. Meine Arbeit vereint fachliche Kompetenz, therapeutische Erfahrung und menschliche Pr\u00e4senz.[\/vc_column_text][vc_button button_color=&#8221;accent&#8221; border_width=&#8221;0&#8243; link=&#8221;url:https%3A%2F%2Famel-paulukat.com%2Famel-paulukat-kontakt%2F|title:Kontakt&#8221; el_class=&#8221;mobile-btn-large&#8221;]Kontakt aufnehmen[\/vc_button][vc_empty_space empty_h=&#8221;3&#8243;][\/vc_column][\/vc_row]<\/p>\n<\/div>","protected":false},"excerpt":{"rendered":"<p>[vc_row row_height_percent=&#8221;0&#8243; overlay_alpha=&#8221;50&#8243; gutter_size=&#8221;3&#8243; column_width_percent=&#8221;100&#8243; shift_y=&#8221;0&#8243; z_index=&#8221;0&#8243; css=&#8221;.vc_custom_1595322351450{padding-top: 84px !important;padding-bottom: 0px !important;}&#8221;][vc_column width=&#8221;1\/1&#8243;][vc_empty_space empty_h=&#8221;1&#8243;][vc_custom_heading text_color=&#8221;accent&#8221;]Herzlich willkommen![\/vc_custom_heading][vc_empty_space empty_h=&#8221;1&#8243;][vc_column_text] Seit mehreren Jahren [&hellip;]<\/p>\n","protected":false},"author":1,"featured_media":85359,"parent":0,"menu_order":0,"comment_status":"closed","ping_status":"closed","template":"","meta":{"footnotes":""},"class_list":["post-83606","page","type-page","status-publish","has-post-thumbnail","hentry"],"yoast_head":"<!-- This site is optimized with the Yoast SEO plugin v26.3 - https:\/\/yoast.com\/wordpress\/plugins\/seo\/ -->\n<title>Einf\u00fchlsame Begleitung f\u00fcr traumatisierte sowie belastete Menschen in Essen<\/title>\n<meta name=\"description\" content=\"Einf\u00fchlsame Begleitung f\u00fcr schwer traumatisierte Menschen in Essen: Mit bew\u00e4hrten Therapieverfahren unterst\u00fctze ich Sie dabei, mit sich selbst zu verbinden, Resilienz aufzubauen und wieder fest im Leben zu stehen. Kompetente psychotherapeutische Unterst\u00fctzung f\u00fcr mehr Klarheit, Gelassenheit und Zuversicht.\" \/>\n<meta name=\"robots\" content=\"index, follow, max-snippet:-1, max-image-preview:large, max-video-preview:-1\" \/>\n<link rel=\"canonical\" href=\"https:\/\/amel-paulukat.com\/en\/traumatherapeutin\/\" \/>\n<meta property=\"og:locale\" content=\"en_US\" \/>\n<meta property=\"og:locale:alternate\" content=\"de_DE\" \/>\n<meta property=\"og:type\" content=\"article\" \/>\n<meta property=\"og:title\" content=\"Einf\u00fchlsame Begleitung f\u00fcr traumatisierte sowie belastete Menschen in Essen\" \/>\n<meta property=\"og:description\" content=\"Einf\u00fchlsame Begleitung f\u00fcr schwer traumatisierte Menschen in Essen: Mit bew\u00e4hrten Therapieverfahren unterst\u00fctze ich Sie dabei, mit sich selbst zu verbinden, Resilienz aufzubauen und wieder fest im Leben zu stehen. Kompetente psychotherapeutische Unterst\u00fctzung f\u00fcr mehr Klarheit, Gelassenheit und Zuversicht.\" \/>\n<meta property=\"og:url\" content=\"https:\/\/amel-paulukat.com\/en\/traumatherapeutin\/\" \/>\n<meta property=\"og:site_name\" content=\"Amel Paulukat\" \/>\n<meta property=\"article:modified_time\" content=\"2026-04-10T06:48:35+00:00\" \/>\n<meta property=\"og:image\" content=\"https:\/\/amel-paulukat.com\/wp-content\/uploads\/2024\/06\/amel-front.jpg\" \/>\n\t<meta property=\"og:image:width\" content=\"897\" \/>\n\t<meta property=\"og:image:height\" content=\"985\" \/>\n\t<meta property=\"og:image:type\" content=\"image\/jpeg\" \/>\n<meta name=\"twitter:card\" content=\"summary_large_image\" \/>\n<meta name=\"twitter:label1\" content=\"Est. reading time\" \/>\n\t<meta name=\"twitter:data1\" content=\"3 minutes\" \/>\n<script type=\"application\/ld+json\" class=\"yoast-schema-graph\">{\"@context\":\"https:\/\/schema.org\",\"@graph\":[{\"@type\":\"Article\",\"@id\":\"https:\/\/amel-paulukat.com\/traumatherapeutin\/#article\",\"isPartOf\":{\"@id\":\"https:\/\/amel-paulukat.com\/traumatherapeutin\/\"},\"author\":{\"name\":\"amelmanai\",\"@id\":\"https:\/\/amel-paulukat.com\/#\/schema\/person\/303911a0a3caefa54e5d969718b921a6\"},\"headline\":\"\u00dcber mich\",\"datePublished\":\"2020-06-12T11:16:29+00:00\",\"dateModified\":\"2026-04-10T06:48:35+00:00\",\"mainEntityOfPage\":{\"@id\":\"https:\/\/amel-paulukat.com\/traumatherapeutin\/\"},\"wordCount\":570,\"publisher\":{\"@id\":\"https:\/\/amel-paulukat.com\/#\/schema\/person\/cd05944b0f597d1839ccee7266348297\"},\"image\":{\"@id\":\"https:\/\/amel-paulukat.com\/traumatherapeutin\/#primaryimage\"},\"thumbnailUrl\":\"https:\/\/amel-paulukat.com\/wp-content\/uploads\/2024\/06\/amel-front.jpg\",\"inLanguage\":\"en-US\"},{\"@type\":\"WebPage\",\"@id\":\"https:\/\/amel-paulukat.com\/traumatherapeutin\/\",\"url\":\"https:\/\/amel-paulukat.com\/traumatherapeutin\/\",\"name\":\"Einf\u00fchlsame Begleitung f\u00fcr traumatisierte sowie belastete Menschen in Essen\",\"isPartOf\":{\"@id\":\"https:\/\/amel-paulukat.com\/#website\"},\"primaryImageOfPage\":{\"@id\":\"https:\/\/amel-paulukat.com\/traumatherapeutin\/#primaryimage\"},\"image\":{\"@id\":\"https:\/\/amel-paulukat.com\/traumatherapeutin\/#primaryimage\"},\"thumbnailUrl\":\"https:\/\/amel-paulukat.com\/wp-content\/uploads\/2024\/06\/amel-front.jpg\",\"datePublished\":\"2020-06-12T11:16:29+00:00\",\"dateModified\":\"2026-04-10T06:48:35+00:00\",\"description\":\"Einf\u00fchlsame Begleitung f\u00fcr schwer traumatisierte Menschen in Essen: Mit bew\u00e4hrten Therapieverfahren unterst\u00fctze ich Sie dabei, mit sich selbst zu verbinden, Resilienz aufzubauen und wieder fest im Leben zu stehen. Kompetente psychotherapeutische Unterst\u00fctzung f\u00fcr mehr Klarheit, Gelassenheit und Zuversicht.\",\"breadcrumb\":{\"@id\":\"https:\/\/amel-paulukat.com\/traumatherapeutin\/#breadcrumb\"},\"inLanguage\":\"en-US\",\"potentialAction\":[{\"@type\":\"ReadAction\",\"target\":[\"https:\/\/amel-paulukat.com\/traumatherapeutin\/\"]}]},{\"@type\":\"ImageObject\",\"inLanguage\":\"en-US\",\"@id\":\"https:\/\/amel-paulukat.com\/traumatherapeutin\/#primaryimage\",\"url\":\"https:\/\/amel-paulukat.com\/wp-content\/uploads\/2024\/06\/amel-front.jpg\",\"contentUrl\":\"https:\/\/amel-paulukat.com\/wp-content\/uploads\/2024\/06\/amel-front.jpg\",\"width\":897,\"height\":985,\"caption\":\"Therapeutin f\u00fcr Systemische Famielienaufstellungen\"},{\"@type\":\"BreadcrumbList\",\"@id\":\"https:\/\/amel-paulukat.com\/traumatherapeutin\/#breadcrumb\",\"itemListElement\":[{\"@type\":\"ListItem\",\"position\":1,\"name\":\"Home\",\"item\":\"https:\/\/amel-paulukat.com\/\"},{\"@type\":\"ListItem\",\"position\":2,\"name\":\"\u00dcber mich\"}]},{\"@type\":\"WebSite\",\"@id\":\"https:\/\/amel-paulukat.com\/#website\",\"url\":\"https:\/\/amel-paulukat.com\/\",\"name\":\"Amel Paulukat\",\"description\":\"Therapeutische Beratung Konfliktl\u00f6sung & Meditation\",\"publisher\":{\"@id\":\"https:\/\/amel-paulukat.com\/#\/schema\/person\/cd05944b0f597d1839ccee7266348297\"},\"potentialAction\":[{\"@type\":\"SearchAction\",\"target\":{\"@type\":\"EntryPoint\",\"urlTemplate\":\"https:\/\/amel-paulukat.com\/?s={search_term_string}\"},\"query-input\":{\"@type\":\"PropertyValueSpecification\",\"valueRequired\":true,\"valueName\":\"search_term_string\"}}],\"inLanguage\":\"en-US\"},{\"@type\":[\"Person\",\"Organization\"],\"@id\":\"https:\/\/amel-paulukat.com\/#\/schema\/person\/cd05944b0f597d1839ccee7266348297\",\"name\":\"Amel Paulukat\",\"image\":{\"@type\":\"ImageObject\",\"inLanguage\":\"en-US\",\"@id\":\"https:\/\/amel-paulukat.com\/#\/schema\/person\/image\/\",\"url\":\"https:\/\/amel-paulukat.com\/wp-content\/uploads\/2020\/05\/Amel-Manai_Logo.png\",\"contentUrl\":\"https:\/\/amel-paulukat.com\/wp-content\/uploads\/2020\/05\/Amel-Manai_Logo.png\",\"width\":507,\"height\":341,\"caption\":\"Amel Paulukat\"},\"logo\":{\"@id\":\"https:\/\/amel-paulukat.com\/#\/schema\/person\/image\/\"},\"sameAs\":[\"https:\/\/amel-paulukat.com\"]},{\"@type\":\"Person\",\"@id\":\"https:\/\/amel-paulukat.com\/#\/schema\/person\/303911a0a3caefa54e5d969718b921a6\",\"name\":\"amelmanai\",\"sameAs\":[\"http:\/\/amel-manai.com\",\"https:\/\/www.facebook.com\/amel.manai1\"],\"url\":\"https:\/\/amel-paulukat.com\/en\/author\/amelmanai\/\"}]}<\/script>\n<!-- \/ Yoast SEO plugin. -->","yoast_head_json":{"title":"Einf\u00fchlsame Begleitung f\u00fcr traumatisierte sowie belastete Menschen in Essen","description":"Einf\u00fchlsame Begleitung f\u00fcr schwer traumatisierte Menschen in Essen: Mit bew\u00e4hrten Therapieverfahren unterst\u00fctze ich Sie dabei, mit sich selbst zu verbinden, Resilienz aufzubauen und wieder fest im Leben zu stehen. Kompetente psychotherapeutische Unterst\u00fctzung f\u00fcr mehr Klarheit, Gelassenheit und Zuversicht.","robots":{"index":"index","follow":"follow","max-snippet":"max-snippet:-1","max-image-preview":"max-image-preview:large","max-video-preview":"max-video-preview:-1"},"canonical":"https:\/\/amel-paulukat.com\/en\/traumatherapeutin\/","og_locale":"en_US","og_type":"article","og_title":"[:de]Einf\u00fchlsame Begleitung f\u00fcr traumatisierte sowie belastete Menschen in Essen[:]","og_description":"[:de]Einf\u00fchlsame Begleitung f\u00fcr schwer traumatisierte Menschen in Essen: Mit bew\u00e4hrten Therapieverfahren unterst\u00fctze ich Sie dabei, mit sich selbst zu verbinden, Resilienz aufzubauen und wieder fest im Leben zu stehen. Kompetente psychotherapeutische Unterst\u00fctzung f\u00fcr mehr Klarheit, Gelassenheit und Zuversicht.[:]","og_url":"https:\/\/amel-paulukat.com\/en\/traumatherapeutin\/","og_site_name":"Amel Paulukat","article_modified_time":"2026-04-10T06:48:35+00:00","og_image":[{"width":897,"height":985,"url":"https:\/\/amel-paulukat.com\/wp-content\/uploads\/2024\/06\/amel-front.jpg","type":"image\/jpeg"}],"twitter_card":"summary_large_image","twitter_misc":{"Est. reading time":"3 minutes"},"schema":{"@context":"https:\/\/schema.org","@graph":[{"@type":"Article","@id":"https:\/\/amel-paulukat.com\/traumatherapeutin\/#article","isPartOf":{"@id":"https:\/\/amel-paulukat.com\/traumatherapeutin\/"},"author":{"name":"amelmanai","@id":"https:\/\/amel-paulukat.com\/#\/schema\/person\/303911a0a3caefa54e5d969718b921a6"},"headline":"\u00dcber mich","datePublished":"2020-06-12T11:16:29+00:00","dateModified":"2026-04-10T06:48:35+00:00","mainEntityOfPage":{"@id":"https:\/\/amel-paulukat.com\/traumatherapeutin\/"},"wordCount":570,"publisher":{"@id":"https:\/\/amel-paulukat.com\/#\/schema\/person\/cd05944b0f597d1839ccee7266348297"},"image":{"@id":"https:\/\/amel-paulukat.com\/traumatherapeutin\/#primaryimage"},"thumbnailUrl":"https:\/\/amel-paulukat.com\/wp-content\/uploads\/2024\/06\/amel-front.jpg","inLanguage":"en-US"},{"@type":"WebPage","@id":"https:\/\/amel-paulukat.com\/traumatherapeutin\/","url":"https:\/\/amel-paulukat.com\/traumatherapeutin\/","name":"Einf\u00fchlsame Begleitung f\u00fcr traumatisierte sowie belastete Menschen in Essen","isPartOf":{"@id":"https:\/\/amel-paulukat.com\/#website"},"primaryImageOfPage":{"@id":"https:\/\/amel-paulukat.com\/traumatherapeutin\/#primaryimage"},"image":{"@id":"https:\/\/amel-paulukat.com\/traumatherapeutin\/#primaryimage"},"thumbnailUrl":"https:\/\/amel-paulukat.com\/wp-content\/uploads\/2024\/06\/amel-front.jpg","datePublished":"2020-06-12T11:16:29+00:00","dateModified":"2026-04-10T06:48:35+00:00","description":"Einf\u00fchlsame Begleitung f\u00fcr schwer traumatisierte Menschen in Essen: Mit bew\u00e4hrten Therapieverfahren unterst\u00fctze ich Sie dabei, mit sich selbst zu verbinden, Resilienz aufzubauen und wieder fest im Leben zu stehen. Kompetente psychotherapeutische Unterst\u00fctzung f\u00fcr mehr Klarheit, Gelassenheit und Zuversicht.","breadcrumb":{"@id":"https:\/\/amel-paulukat.com\/traumatherapeutin\/#breadcrumb"},"inLanguage":"en-US","potentialAction":[{"@type":"ReadAction","target":["https:\/\/amel-paulukat.com\/traumatherapeutin\/"]}]},{"@type":"ImageObject","inLanguage":"en-US","@id":"https:\/\/amel-paulukat.com\/traumatherapeutin\/#primaryimage","url":"https:\/\/amel-paulukat.com\/wp-content\/uploads\/2024\/06\/amel-front.jpg","contentUrl":"https:\/\/amel-paulukat.com\/wp-content\/uploads\/2024\/06\/amel-front.jpg","width":897,"height":985,"caption":"Therapeutin f\u00fcr Systemische Famielienaufstellungen"},{"@type":"BreadcrumbList","@id":"https:\/\/amel-paulukat.com\/traumatherapeutin\/#breadcrumb","itemListElement":[{"@type":"ListItem","position":1,"name":"Home","item":"https:\/\/amel-paulukat.com\/"},{"@type":"ListItem","position":2,"name":"\u00dcber mich"}]},{"@type":"WebSite","@id":"https:\/\/amel-paulukat.com\/#website","url":"https:\/\/amel-paulukat.com\/","name":"Amel Paulukat","description":"Therapeutische Beratung Konfliktl\u00f6sung & Meditation","publisher":{"@id":"https:\/\/amel-paulukat.com\/#\/schema\/person\/cd05944b0f597d1839ccee7266348297"},"potentialAction":[{"@type":"SearchAction","target":{"@type":"EntryPoint","urlTemplate":"https:\/\/amel-paulukat.com\/?s={search_term_string}"},"query-input":{"@type":"PropertyValueSpecification","valueRequired":true,"valueName":"search_term_string"}}],"inLanguage":"en-US"},{"@type":["Person","Organization"],"@id":"https:\/\/amel-paulukat.com\/#\/schema\/person\/cd05944b0f597d1839ccee7266348297","name":"Amel Paulukat","image":{"@type":"ImageObject","inLanguage":"en-US","@id":"https:\/\/amel-paulukat.com\/#\/schema\/person\/image\/","url":"https:\/\/amel-paulukat.com\/wp-content\/uploads\/2020\/05\/Amel-Manai_Logo.png","contentUrl":"https:\/\/amel-paulukat.com\/wp-content\/uploads\/2020\/05\/Amel-Manai_Logo.png","width":507,"height":341,"caption":"Amel Paulukat"},"logo":{"@id":"https:\/\/amel-paulukat.com\/#\/schema\/person\/image\/"},"sameAs":["https:\/\/amel-paulukat.com"]},{"@type":"Person","@id":"https:\/\/amel-paulukat.com\/#\/schema\/person\/303911a0a3caefa54e5d969718b921a6","name":"amelmanai","sameAs":["http:\/\/amel-manai.com","https:\/\/www.facebook.com\/amel.manai1"],"url":"https:\/\/amel-paulukat.com\/en\/author\/amelmanai\/"}]}},"_links":{"self":[{"href":"https:\/\/amel-paulukat.com\/en\/wp-json\/wp\/v2\/pages\/83606","targetHints":{"allow":["GET"]}}],"collection":[{"href":"https:\/\/amel-paulukat.com\/en\/wp-json\/wp\/v2\/pages"}],"about":[{"href":"https:\/\/amel-paulukat.com\/en\/wp-json\/wp\/v2\/types\/page"}],"author":[{"embeddable":true,"href":"https:\/\/amel-paulukat.com\/en\/wp-json\/wp\/v2\/users\/1"}],"replies":[{"embeddable":true,"href":"https:\/\/amel-paulukat.com\/en\/wp-json\/wp\/v2\/comments?post=83606"}],"version-history":[{"count":30,"href":"https:\/\/amel-paulukat.com\/en\/wp-json\/wp\/v2\/pages\/83606\/revisions"}],"predecessor-version":[{"id":86680,"href":"https:\/\/amel-paulukat.com\/en\/wp-json\/wp\/v2\/pages\/83606\/revisions\/86680"}],"wp:featuredmedia":[{"embeddable":true,"href":"https:\/\/amel-paulukat.com\/en\/wp-json\/wp\/v2\/media\/85359"}],"wp:attachment":[{"href":"https:\/\/amel-paulukat.com\/en\/wp-json\/wp\/v2\/media?parent=83606"}],"curies":[{"name":"wp","href":"https:\/\/api.w.org\/{rel}","templated":true}]}}