{"id":84417,"date":"2024-01-29T11:20:57","date_gmt":"2024-01-29T11:20:57","guid":{"rendered":"https:\/\/amel-paulukat.com\/?page_id=84417"},"modified":"2026-02-13T13:13:59","modified_gmt":"2026-02-13T13:13:59","slug":"tramabasierte-trauerbegleitung","status":"publish","type":"page","link":"https:\/\/amel-paulukat.com\/en\/tramabasierte-trauerbegleitung\/","title":{"rendered":"Traumabasierte Trauerbegleitung in Essen"},"content":{"rendered":"<div class=\"wpb-content-wrapper\"><p>[vc_row row_height_percent=&#8221;25&#8243; override_padding=&#8221;yes&#8221; h_padding=&#8221;1&#8243; top_padding=&#8221;3&#8243; bottom_padding=&#8221;3&#8243; back_color=&#8221;accent&#8221; overlay_color=&#8221;accent&#8221; overlay_alpha=&#8221;100&#8243; gutter_size=&#8221;3&#8243; column_width_percent=&#8221;100&#8243; shift_y=&#8221;0&#8243; z_index=&#8221;0&#8243; el_class=&#8221;event-over-header&#8221;][vc_column column_width_percent=&#8221;75&#8243; position_horizontal=&#8221;left&#8221; position_vertical=&#8221;bottom&#8221; gutter_size=&#8221;3&#8243; style=&#8221;dark&#8221; overlay_alpha=&#8221;50&#8243; shift_x=&#8221;0&#8243; shift_y=&#8221;0&#8243; shift_y_down=&#8221;0&#8243; z_index=&#8221;0&#8243; medium_width=&#8221;0&#8243; align_mobile=&#8221;align_left_mobile&#8221; mobile_width=&#8221;0&#8243; width=&#8221;1\/1&#8243; mobile_height=&#8221;55&#8243;][vc_custom_heading heading_semantic=&#8221;h3&#8243; text_size=&#8221;h3&#8243; text_weight=&#8221;400&#8243; text_color=&#8221;color-xsdn&#8221;]Wenn Verlust Spuren hinterl\u00e4sst \u2013 ein sicherer Ort f\u00fcr Trauer und Trauma![\/vc_custom_heading][vc_button button_color=&#8221;color-xsdn&#8221; hover_fx=&#8221;outlined&#8221; border_width=&#8221;0&#8243; css_animation=&#8221;bottom-t-top&#8221; animation_delay=&#8221;100&#8243; el_class=&#8221;mobile-book-event&#8221; link=&#8221;url:%23event-contact-form&#8221;]Wenn Verlust tiefer geht, als Worte tragen k\u00f6nnen[\/vc_button][\/vc_column][\/vc_row][vc_row row_height_percent=&#8221;0&#8243; override_padding=&#8221;yes&#8221; h_padding=&#8221;2&#8243; top_padding=&#8221;1&#8243; bottom_padding=&#8221;5&#8243; back_color=&#8221;color-lxmt&#8221; back_image=&#8221;84570&#8243; back_position=&#8221;left bottom&#8221; overlay_alpha=&#8221;0&#8243; gutter_size=&#8221;3&#8243; column_width_percent=&#8221;100&#8243; shift_y=&#8221;0&#8243; z_index=&#8221;0&#8243;][vc_column column_width_percent=&#8221;100&#8243; gutter_size=&#8221;4&#8243; overlay_alpha=&#8221;50&#8243; shift_x=&#8221;0&#8243; shift_y=&#8221;0&#8243; shift_y_down=&#8221;0&#8243; z_index=&#8221;0&#8243; medium_width=&#8221;0&#8243; mobile_width=&#8221;0&#8243; width=&#8221;1\/1&#8243;][vc_row_inner row_inner_height_percent=&#8221;0&#8243; overlay_alpha=&#8221;50&#8243; gutter_size=&#8221;4&#8243; shift_y=&#8221;0&#8243; z_index=&#8221;0&#8243;][vc_column_inner column_width_percent=&#8221;100&#8243; gutter_size=&#8221;4&#8243; overlay_alpha=&#8221;50&#8243; shift_x=&#8221;0&#8243; shift_y=&#8221;0&#8243; shift_y_down=&#8221;0&#8243; z_index=&#8221;0&#8243; medium_width=&#8221;0&#8243; mobile_width=&#8221;0&#8243; sticky=&#8221;yes&#8221; width=&#8221;1\/2&#8243;][vc_custom_heading heading_semantic=&#8221;h5&#8243; text_size=&#8221;h5&#8243; text_weight=&#8221;500&#8243; text_transform=&#8221;uppercase&#8221; text_color=&#8221;accent&#8221; separator=&#8221;yes&#8221; separator_color=&#8221;yes&#8221; sub_reduced=&#8221;yes&#8221; subheading=&#8221;Behutsame Begleitung f\u00fcr Zeiten, die das Herz \u00fcberfordern.&#8221; el_class=&#8221;hidden&#8221;]Trauer verstehen \u2013 Trauma l\u00f6sen![\/vc_custom_heading][vc_custom_heading heading_semantic=&#8221;h1&#8243; text_color=&#8221;accent&#8221; separator=&#8221;under&#8221; separator_color=&#8221;yes&#8221; sub_lead=&#8221;yes&#8221; sub_reduced=&#8221;yes&#8221; el_class=&#8221;event-main-title&#8221; subheading=&#8221;Wenn Trauer im K\u00f6rper weiterlebt<br \/>\nTraumasensible Unterst\u00fctzung, um wieder Halt, Kraft und Verbindung zu finden<br \/>\n&#8220;]<strong>Ein sicherer Raum f\u00fcr deinen Weg<\/strong><\/p>\n<p>Ich begleite dich mit Klarheit, W\u00e4rme und traumasensibler Haltung.<br \/>\nDu musst nichts erkl\u00e4ren, nichts leisten, nichts \u201erichtig machen\u201c.<br \/>\nDu darfst einfach da sein \u2014 mit allem, was gerade ist.<\/p>\n<p>Wenn du sp\u00fcrst, dass du Unterst\u00fctzung m\u00f6chtest, kannst du gern ein unverbindliches Kennenlerngespr\u00e4ch vereinbaren.[\/vc_custom_heading][vc_column_text]Trauer ist eine nat\u00fcrliche Reaktion auf Verlust. Doch manchmal trifft uns ein Abschied so unerwartet, so heftig oder so vielschichtig, dass unser inneres System \u00fcberfordert ist. Dann vermischen sich Trauer und Trauma \u2014 und der Weg durch den Schmerz f\u00fchlt sich blockiert, verwirrend oder endlos an.<\/p>\n<p>In der traumabasierten Trauerbegleitung bekommst du einen sicheren Raum, in dem beides Platz hat:<br \/>\ndie Trauer um das, was verloren ging, und die traumatischen Spuren, die der Verlust hinterlassen hat.<\/p>\n<p><strong>Was ist der Unterschied zwischen Trauerbegleitung und traumabasierter Trauerbegleitung?<\/strong><\/p>\n<p>Viele Menschen kennen klassische Trauerbegleitung: Sie unterst\u00fctzt dabei, einen Verlust emotional zu verarbeiten, Abschied zu nehmen und den eigenen Weg durch die Trauer zu finden.<br \/>\nDoch nicht jede Trauer ist \u201enur\u201c Trauer. Manche Verluste hinterlassen Spuren, die tiefer gehen \u2014 und das innere System reagiert nicht nur traurig, sondern \u00fcberw\u00e4ltigt, erstarrt oder alarmiert.<\/p>\n<p><strong>Trauerbegleitung<\/strong><\/p>\n<ul>\n<li>begleitet Menschen durch den nat\u00fcrlichen Trauerprozess<\/li>\n<\/ul>\n<ul>\n<li>hilft, Gef\u00fchle zu sortieren und dem Verlust Raum zu geben<\/li>\n<li>unterst\u00fctzt bei Abschied, Neuorientierung und Integration<\/li>\n<li>richtet sich an Menschen, deren Trauer zwar schmerzhaft, aber nicht traumatisch blockiert ist<\/li>\n<\/ul>\n<p><strong>Traumabasierte Trauerbegleitung<\/strong><\/p>\n<ul>\n<li>erkennt, dass Trauer und Trauma sich gegenseitig verst\u00e4rken k\u00f6nnen.<\/li>\n<li>ber\u00fccksichtigt, dass der Verlust selbst traumatisch gewesen sein kann (pl\u00f6tzlich, gewaltsam, belastend).<\/li>\n<li>arbeitet mit stabilisierenden, traumasensiblen Methoden, bevor tiefe Trauerprozesse m\u00f6glich werden.<\/li>\n<li>hilft, \u00dcberforderung, Flashbacks, Schuldgef\u00fchle oder Erstarrung zu regulieren.<\/li>\n<li>verbindet Trauerarbeit mit Trauma\u2011Verarbeitung (z.\u202fB. EMDR, Ressourcenarbeit, K\u00f6rperregulation).<\/li>\n<li>richtet sich an Menschen, die merken: \u201eIch komme nicht an meine Trauer heran\u201c oder \u201eDer Verlust hat mich komplett aus der Bahn geworfen\u201c.<\/li>\n<\/ul>\n<p><strong>Kurz gesagt:<\/strong><br \/>\nTrauerbegleitung unterst\u00fctzt dich beim Abschied.<br \/>\nTraumabasierte Trauerbegleitung unterst\u00fctzt dich, wenn der Abschied selbst ein Trauma hinterlassen hat.<\/p>\n<p><strong>Wann ist traumabasierte Trauerbegleitung sinnvoll?<\/strong><\/p>\n<p>Diese Form der Begleitung unterst\u00fctzt dich, wenn du zum Beispiel:<\/p>\n<ul>\n<li>einen pl\u00f6tzlichen oder belastenden Verlust erlebt hast<\/li>\n<li>nach einem Unfall, einer Krankheit oder einem traumatischen Ereignis trauerst<\/li>\n<li>dich \u201ewie eingefroren\u201c f\u00fchlst und keinen Zugang zu deiner Trauer findest<\/li>\n<li>starke Schuldgef\u00fchle, Ohnmacht oder Scham erlebst<\/li>\n<li>k\u00f6rperlich reagierst (Schlafprobleme, innere Unruhe, Flashbacks)<\/li>\n<li>das Gef\u00fchl hast, \u201enicht richtig trauern zu k\u00f6nnen\u201c<\/li>\n<li>mehrere Verluste gleichzeitig oder kurz hintereinander erlebt hast<\/li>\n<\/ul>\n<p>Trauma und Trauer schlie\u00dfen sich nicht aus \u2014 sie verst\u00e4rken sich oft gegenseitig. Genau hier setzt die traumabasierte Begleitung an.[\/vc_column_text][\/vc_column_inner][vc_column_inner column_width_percent=&#8221;100&#8243; gutter_size=&#8221;2&#8243; override_padding=&#8221;yes&#8221; column_padding=&#8221;3&#8243; back_color=&#8221;color-xsdn&#8221; overlay_alpha=&#8221;50&#8243; shift_x=&#8221;0&#8243; shift_y=&#8221;-4&#8243; shift_y_down=&#8221;0&#8243; z_index=&#8221;0&#8243; medium_width=&#8221;0&#8243; mobile_width=&#8221;0&#8243; shadow=&#8221;lg&#8221; radius=&#8221;sm&#8221; width=&#8221;1\/2&#8243; el_class=&#8221;contact-icon-box-event&#8221; el_id=&#8221;event-contact-form&#8221;][vc_custom_heading heading_semantic=&#8221;h3&#8243; text_color=&#8221;accent&#8221; subheading=&#8221;Wenn du dich von meiner traumabasierten Trauerbegleitung angesprochen f\u00fchlst oder dir unsicher bist, ob dieses Angebot das Richtige f\u00fcr dich ist, kannst du mir jederzeit eine Nachricht senden. Ich melde mich zeitnah bei dir, damit wir gemeinsam schauen k\u00f6nnen, was du gerade brauchst und wie ich dich auf deinem Weg durch Trauer, Verlust und m\u00f6gliche traumatische Pr\u00e4gungen unterst\u00fctzen kann.<br \/>\nDu kannst mir einfach kurz schildern, was dich im Moment bewegt \u2013 ganz in deinem Tempo und nur so viel, wie sich f\u00fcr dich stimmig anf\u00fchlt. Alles, was du mit mir teilst, bleibt selbstverst\u00e4ndlich vertraulich.<br \/>\nIch freue mich darauf, dich kennenzulernen und dir einen sicheren, klaren und achtsamen Rahmen f\u00fcr deinen Prozess zu bieten.&#8221;]Anfrage Senden[\/vc_custom_heading][vc_empty_space empty_h=&#8221;1&#8243;][vc_icon position=&#8221;left&#8221; title_aligned_icon=&#8221;yes&#8221; icon=&#8221;fa fa-phone&#8221; icon_color=&#8221;accent&#8221; size=&#8221;fa-2x&#8221; heading_semantic=&#8221;h6&#8243; text_size=&#8221;h6&#8243; linked_title=&#8221;yes&#8221; title=&#8221;+49 15566443975&#8243; link=&#8221;url:tel%3A%2B49%2015566443975&#8243;]Anmeldungen auch per Telefon moglich<\/p>\n<p>[\/vc_icon][\/vc_column_inner][\/vc_row_inner][\/vc_column][\/vc_row][vc_row row_height_percent=&#8221;0&#8243; override_padding=&#8221;yes&#8221; h_padding=&#8221;2&#8243; top_padding=&#8221;4&#8243; bottom_padding=&#8221;4&#8243; back_color=&#8221;color-xsdn&#8221; back_image=&#8221;84901&#8243; back_repeat=&#8221;no-repeat&#8221; back_position=&#8221;right center&#8221; overlay_alpha=&#8221;50&#8243; gutter_size=&#8221;3&#8243; column_width_percent=&#8221;100&#8243; shift_y=&#8221;0&#8243; z_index=&#8221;0&#8243; el_class=&#8221;warm-background-color&#8221;][vc_column width=&#8221;1\/6&#8243;][\/vc_column][vc_column width=&#8221;2\/3&#8243;][vc_custom_heading text_color=&#8221;color-jevc&#8221; separator=&#8221;yes&#8221; separator_color=&#8221;yes&#8221;]Was erwartet dich?[\/vc_custom_heading][vc_column_text text_lead=&#8221;yes&#8221;]In der traumabasierten Trauerbegleitung begegnest du einem Rahmen, der dir erlaubt, sowohl deine Trauer als auch m\u00f6gliche traumatische Anteile ernst zu nehmen, ohne sie voneinander trennen zu m\u00fcssen. Wir schaffen gemeinsam einen Ort, an dem du dich sicher genug f\u00fchlen kannst, um all das zuzulassen, was bisher vielleicht keinen Platz hatte: Gef\u00fchle, Erinnerungen, k\u00f6rperliche Reaktionen oder innere Bilder. Du wirst behutsam darin unterst\u00fctzt, Orientierung zu finden, deine Ressourcen zu st\u00e4rken und wieder Zugang zu innerem Halt zu bekommen. Die Arbeit ist nicht konfrontativ, sondern stabilisierend \u2013 getragen von Achtsamkeit, Pr\u00e4senz und einer klaren therapeutischen Struktur, die dir hilft, Schritt f\u00fcr Schritt wieder mehr Boden unter den F\u00fc\u00dfen zu sp\u00fcren.[\/vc_column_text][vc_column_text text_lead=&#8221;yes&#8221;]In meiner Praxis zeigt sich immer wieder, dass Trauer selten nur ein einzelnes Ereignis betrifft. H\u00e4ufig ist sie eingebettet in ein gr\u00f6\u00dferes Gef\u00fcge aus famili\u00e4ren Erfahrungen, unausgesprochenen Geschichten und alten Verletzungen. Viele Menschen tragen nicht nur ihre eigene Trauer, sondern auch das, was in ihrer Herkunftsfamilie nie betrauert werden durfte: fr\u00fche Verluste, nicht gelebte Abschiede, verschwiegene Schicksale, Kriegserfahrungen, Flucht, Br\u00fcche in Beziehungen. Diese Erfahrungen wirken oft im Hintergrund weiter \u2013 als diffuse Schwere, als Schuldgef\u00fchl, als das Gef\u00fchl, \u201ekein Recht\u201c auf die eigene Trauer zu haben. Dann ist es, als l\u00e4ge ein unsichtbarer Deckel auf den eigenen Gef\u00fchlen.<br \/>\nDiese inneren Sperren machen es schwer, wirklich zu trauern. Manche sp\u00fcren, dass sie \u201efunktionieren m\u00fcssen\u201c, weil andere in der Familie schon genug gelitten haben. Andere haben gelernt, stark zu sein, niemandem zur Last zu fallen oder Gef\u00fchle lieber zu kontrollieren, statt sie zu zeigen. Wieder andere tragen unbewusst etwas f\u00fcr fr\u00fchere Generationen mit \u2013 f\u00fcr Eltern oder Gro\u00dfeltern, die selbst nie trauern konnten, weil daf\u00fcr kein Raum war. So entsteht eine Art innerer Stau: Die eigene Trauer mischt sich mit der Trauer der Familie, mit Loyalit\u00e4ten, mit unausgesprochenen Auftr\u00e4gen. Das kann dazu f\u00fchren, dass Menschen sich innerlich blockiert f\u00fchlen, nicht weinen k\u00f6nnen, sich schuldig f\u00fchlen, wenn sie wieder Freude empfinden, oder das Gef\u00fchl haben, \u201eirgendetwas stimmt mit mir nicht\u201c.<br \/>\nManchmal begegnet mir in der Begleitung auch so etwas wie Kollektivtrauer \u2013 eine Trauer, die \u00fcber das Pers\u00f6nliche hinausgeht. Sie kann entstehen, wenn famili\u00e4re Erfahrungen eingebettet sind in gr\u00f6\u00dfere gesellschaftliche oder historische Zusammenh\u00e4nge: Krieg, Vertreibung, strukturelle Gewalt, wiederholte Verluste \u00fcber Generationen hinweg. Dann tr\u00e4gt ein Mensch nicht nur seine eigene Geschichte, sondern auch die Schwere dessen, was \u201eimmer schon da war\u201c. In der traumabasierten Trauerbegleitung geht es darum, diese Verflechtungen behutsam sichtbar zu machen, ohne sie zu pathologisieren. Wenn klarer wird, was wirklich zu dir geh\u00f6rt und was aus deinem Familiensystem oder aus einem gr\u00f6\u00dferen kollektiven Feld stammt, entsteht oft zum ersten Mal die M\u00f6glichkeit, deine eigene Trauer als etwas Eigenes zu sp\u00fcren \u2013 und ihr einen w\u00fcrdigen, heilsamen Platz in deinem Leben zu geben.[\/vc_column_text][vc_column_text text_lead=&#8221;yes&#8221;]<b>I<\/b>n meiner Arbeit verbinde ich traumatherapeutische und systemische Verfahren so, dass sie sich gegenseitig erg\u00e4nzen und den individuellen Prozess bestm\u00f6glich unterst\u00fctzen. Je nach Anliegen und Belastungssituation kommen Traumaaufstellungen und EMDR einzeln oder in Kombination zum Einsatz \u2013 immer orientiert an dem, was du in deiner aktuellen Lebenssituation am meisten brauchst.<br \/>\nAm Anfang steht die Stabilisierung. Bevor wir uns belastenden Erinnerungen oder inneren Bildern zuwenden, unterst\u00fctze ich dich dabei, wieder im Hier und Jetzt anzukommen und innere Sicherheit aufzubauen. Daf\u00fcr nutze ich unter anderem Ego\u2011State\u2011Arbeit, EFT sowie systemische und k\u00f6rperorientierte Elemente, die helfen, Orientierung zu finden und das Nervensystem zu beruhigen. Erg\u00e4nzend k\u00f6nnen \u2013 je nach individueller Situation \u2013 spagyrische Mischungen oder Bachbl\u00fcten eine sanfte Unterst\u00fctzung bieten.<br \/>\nEin weiterer Bestandteil meiner Arbeit ist die k\u00f6rperorientierte Traumabegleitung.<\/p>\n<p>\u00dcber traumasensibles Yoga, Atemarbeit (Pranayama) und meditative Sequenzen entsteht ein Zugang zum K\u00f6rper, der oft mehr wei\u00df als der Verstand. Diese k\u00f6rperorientierten Einheiten dienen der Erdung, der Regulation und dem sanften L\u00f6sen von im K\u00f6rper gespeicherten Spannungen.<br \/>\nWelche Methoden wir einsetzen, ergibt sich immer aus deinem pers\u00f6nlichen Prozess. Jede Begleitung ist individuell, achtsam und darauf ausgerichtet, dich Schritt f\u00fcr Schritt aus inneren \u201eL\u00f6chern\u201c, \u00dcberforderungsmomenten oder festgefahrenen Mustern herauszuf\u00fchren \u2013 hin zu mehr Stabilit\u00e4t, Klarheit und Selbstwirksamkeit.[\/vc_column_text][vc_empty_space empty_h=&#8221;0&#8243;][vc_button button_color=&#8221;accent&#8221; size=&#8221;btn-lg&#8221; hover_fx=&#8221;full-colored&#8221; border_width=&#8221;0&#8243; css_animation=&#8221;bottom-t-top&#8221; link=&#8221;url:%23event-contact-form&#8221; el_class=&#8221;middle-cta-btn&#8221;]Du bist nicht falsch. Es gibt Gr\u00fcnde f\u00fcr das, was du f\u00fchlst. Und es gibt Wege, damit umzugehen.[\/vc_button][vc_column_text css_animation=&#8221;bottom-t-top&#8221; animation_delay=&#8221;200&#8243;]Ein Ort, an dem deine Trauer Raum findet<br \/>\nF\u00fcr das, was dich bewegt, was dich blockiert, was dich leise oder laut begleitet. Hier darf alles da sein, ohne Druck, ohne Bewertung \u2013 in deinem Tempo und mit der W\u00fcrde, die dein Weg verdient.[\/vc_column_text][\/vc_column][vc_column width=&#8221;1\/6&#8243;][\/vc_column][\/vc_row][vc_row row_height_percent=&#8221;0&#8243; override_padding=&#8221;yes&#8221; h_padding=&#8221;2&#8243; top_padding=&#8221;4&#8243; bottom_padding=&#8221;0&#8243; overlay_alpha=&#8221;50&#8243; equal_height=&#8221;yes&#8221; gutter_size=&#8221;3&#8243; column_width_percent=&#8221;100&#8243; shift_y=&#8221;0&#8243; z_index=&#8221;0&#8243;][vc_column column_width_percent=&#8221;100&#8243; position_vertical=&#8221;middle&#8221; gutter_size=&#8221;2&#8243; override_padding=&#8221;yes&#8221; column_padding=&#8221;2&#8243; back_color=&#8221;color-xsdn&#8221; overlay_alpha=&#8221;50&#8243; shift_x=&#8221;0&#8243; shift_y=&#8221;0&#8243; shift_y_down=&#8221;0&#8243; z_index=&#8221;0&#8243; medium_width=&#8221;0&#8243; mobile_width=&#8221;0&#8243; css_animation=&#8221;bottom-t-top&#8221; radius=&#8221;sm&#8221; width=&#8221;1\/3&#8243; el_class=&#8221;event-ablauf-ort&#8221;][\/vc_column][vc_column column_width_percent=&#8221;100&#8243; gutter_size=&#8221;3&#8243; override_padding=&#8221;yes&#8221; column_padding=&#8221;3&#8243; back_color=&#8221;color-gyho&#8221; back_image=&#8221;84631&#8243; overlay_alpha=&#8221;50&#8243; shift_x=&#8221;0&#8243; shift_y=&#8221;0&#8243; shift_y_down=&#8221;0&#8243; z_index=&#8221;0&#8243; medium_width=&#8221;0&#8243; mobile_width=&#8221;0&#8243; css_animation=&#8221;bottom-t-top&#8221; radius=&#8221;sm&#8221; width=&#8221;1\/3&#8243; link_to=&#8221;url:%23event-contact-form&#8221;][\/vc_column][vc_column column_width_percent=&#8221;100&#8243; gutter_size=&#8221;3&#8243; override_padding=&#8221;yes&#8221; column_padding=&#8221;3&#8243; back_color=&#8221;color-gyho&#8221; back_image=&#8221;84635&#8243; overlay_alpha=&#8221;50&#8243; shift_x=&#8221;0&#8243; shift_y=&#8221;0&#8243; shift_y_down=&#8221;0&#8243; z_index=&#8221;0&#8243; medium_width=&#8221;0&#8243; mobile_width=&#8221;0&#8243; css_animation=&#8221;bottom-t-top&#8221; radius=&#8221;sm&#8221; width=&#8221;1\/3&#8243; link_to=&#8221;url:%23event-contact-form&#8221;][\/vc_column][\/vc_row][vc_row row_height_percent=&#8221;0&#8243; override_padding=&#8221;yes&#8221; h_padding=&#8221;2&#8243; top_padding=&#8221;2&#8243; bottom_padding=&#8221;3&#8243; overlay_alpha=&#8221;50&#8243; equal_height=&#8221;yes&#8221; gutter_size=&#8221;3&#8243; column_width_percent=&#8221;100&#8243; shift_y=&#8221;0&#8243; z_index=&#8221;0&#8243;][vc_column column_width_percent=&#8221;100&#8243; position_vertical=&#8221;middle&#8221; gutter_size=&#8221;3&#8243; override_padding=&#8221;yes&#8221; column_padding=&#8221;3&#8243; back_color=&#8221;color-gyho&#8221; back_image=&#8221;84637&#8243; back_position=&#8221;center center&#8221; overlay_color=&#8221;color-xsdn&#8221; overlay_alpha=&#8221;50&#8243; shift_x=&#8221;0&#8243; shift_y=&#8221;0&#8243; shift_y_down=&#8221;0&#8243; z_index=&#8221;0&#8243; medium_width=&#8221;0&#8243; mobile_width=&#8221;0&#8243; css_animation=&#8221;bottom-t-top&#8221; radius=&#8221;sm&#8221; width=&#8221;1\/3&#8243; link_to=&#8221;url:%23event-contact-form&#8221;][\/vc_column][vc_column column_width_percent=&#8221;100&#8243; gutter_size=&#8221;3&#8243; override_padding=&#8221;yes&#8221; column_padding=&#8221;3&#8243; back_color=&#8221;color-gyho&#8221; back_image=&#8221;84633&#8243; overlay_alpha=&#8221;50&#8243; shift_x=&#8221;0&#8243; shift_y=&#8221;0&#8243; shift_y_down=&#8221;0&#8243; z_index=&#8221;0&#8243; medium_width=&#8221;0&#8243; mobile_width=&#8221;0&#8243; css_animation=&#8221;bottom-t-top&#8221; radius=&#8221;sm&#8221; width=&#8221;1\/3&#8243; link_to=&#8221;url:%23event-contact-form&#8221;][\/vc_column][vc_column column_width_percent=&#8221;100&#8243; gutter_size=&#8221;3&#8243; override_padding=&#8221;yes&#8221; column_padding=&#8221;3&#8243; back_color=&#8221;color-gyho&#8221; back_image=&#8221;84631&#8243; overlay_alpha=&#8221;50&#8243; shift_x=&#8221;0&#8243; shift_y=&#8221;0&#8243; shift_y_down=&#8221;0&#8243; z_index=&#8221;0&#8243; medium_width=&#8221;0&#8243; mobile_width=&#8221;0&#8243; css_animation=&#8221;bottom-t-top&#8221; radius=&#8221;sm&#8221; width=&#8221;1\/3&#8243; link_to=&#8221;url:%23event-contact-form&#8221;][\/vc_column][\/vc_row][vc_row row_height_percent=&#8221;0&#8243; override_padding=&#8221;yes&#8221; h_padding=&#8221;2&#8243; top_padding=&#8221;1&#8243; bottom_padding=&#8221;5&#8243; overlay_alpha=&#8221;50&#8243; equal_height=&#8221;yes&#8221; gutter_size=&#8221;3&#8243; column_width_percent=&#8221;100&#8243; shift_y=&#8221;0&#8243; z_index=&#8221;0&#8243; el_class=&#8221;inverted-device-order&#8221;][vc_column column_width_percent=&#8221;100&#8243; position_vertical=&#8221;middle&#8221; gutter_size=&#8221;0&#8243; override_padding=&#8221;yes&#8221; column_padding=&#8221;0&#8243; back_color=&#8221;color-gyho&#8221; overlay_alpha=&#8221;50&#8243; shift_x=&#8221;0&#8243; shift_y=&#8221;0&#8243; shift_y_down=&#8221;0&#8243; z_index=&#8221;0&#8243; medium_width=&#8221;0&#8243; mobile_width=&#8221;0&#8243; radius=&#8221;sm&#8221; width=&#8221;2\/3&#8243;][vc_raw_html]JTNDaWZyYW1lJTIwc3JjJTNEJTIyaHR0cHMlM0ElMkYlMkZ3d3cuZ29vZ2xlLmNvbSUyRm1hcHMlMkZlbWJlZCUzRnBiJTNEJTIxMW0xOCUyMTFtMTIlMjExbTMlMjExZDEzNzAuODkwMzY3MzgzMjQ4JTIxMmQ2Ljk3MTEyMjIzMzU2MjQ5OSUyMTNkNTAuOTM4MDcwOTU2MjU0MTElMjEybTMlMjExZjAlMjEyZjAlMjEzZjAlMjEzbTIlMjExaTEwMjQlMjEyaTc2OCUyMTRmMTMuMSUyMTNtMyUyMTFtMiUyMTFzMHg0N2JmMjUxYzlhZGFhOWM1JTI1M0EweGQ0ZTNkN2ZhMjg5MjliMWQlMjEyc0xvcmQlMjUyMFZpc2hudXMlMjUyMENvdWNoJTIxNWUwJTIxM20yJTIxMXNlbiUyMTJzcm8lMjE0djE3MDY1NDMxMzY0MTglMjE1bTIlMjExc2VuJTIxMnNybyUyMiUyMHdpZHRoJTNEJTIyNjAwJTIyJTIwaGVpZ2h0JTNEJTIyMzUwJTIyJTIwc3R5bGUlM0QlMjJib3JkZXIlM0EwJTNCJTIyJTIwYWxsb3dmdWxsc2NyZWVuJTNEJTIyJTIyJTIwbG9hZGluZyUzRCUyMmxhenklMjIlMjByZWZlcnJlcnBvbGljeSUzRCUyMm5vLXJlZmVycmVyLXdoZW4tZG93bmdyYWRlJTIyJTNFJTNDJTJGaWZyYW1lJTNF[\/vc_raw_html][\/vc_column][vc_column width=&#8221;1\/3&#8243;][\/vc_column][\/vc_row][vc_row row_height_percent=&#8221;50&#8243; override_padding=&#8221;yes&#8221; h_padding=&#8221;2&#8243; top_padding=&#8221;0&#8243; bottom_padding=&#8221;0&#8243; back_color=&#8221;accent&#8221; overlay_alpha=&#8221;50&#8243; gutter_size=&#8221;3&#8243; column_width_percent=&#8221;100&#8243; shift_y=&#8221;0&#8243; z_index=&#8221;0&#8243; el_class=&#8221;attend-now-last-sec&#8221;][vc_column column_width_use_pixel=&#8221;yes&#8221; position_vertical=&#8221;middle&#8221; align_horizontal=&#8221;align_center&#8221; gutter_size=&#8221;1&#8243; style=&#8221;dark&#8221; overlay_alpha=&#8221;50&#8243; shift_x=&#8221;0&#8243; shift_y=&#8221;0&#8243; shift_y_down=&#8221;0&#8243; z_index=&#8221;0&#8243; medium_width=&#8221;0&#8243; align_mobile=&#8221;align_left_mobile&#8221; mobile_width=&#8221;0&#8243; width=&#8221;1\/1&#8243; column_width_pixel=&#8221;900&#8243; mobile_height=&#8221;150&#8243;][vc_custom_heading]Wenn ein geliebter Mensch geht, f\u00e4llt sein K\u00f6rper zur\u00fcck zur Erde \u2013 doch sein Weg, seine Kraft und seine Liebe wandern weiter in uns.<br \/>\nTrauer ist der Moment, in dem wir lernen, mit zwei Welten zugleich zu atmen.[\/vc_custom_heading][vc_empty_space empty_h=&#8221;1&#8243;][vc_button button_color=&#8221;color-xsdn&#8221; size=&#8221;btn-lg&#8221; hover_fx=&#8221;outlined&#8221; outline=&#8221;yes&#8221; text_skin=&#8221;yes&#8221; border_width=&#8221;0&#8243; css_animation=&#8221;bottom-t-top&#8221; link=&#8221;url:%23event-contact-form&#8221; el_class=&#8221;amel-event-cta&#8221;]Anfrage Senden[\/vc_button][\/vc_column][\/vc_row]<\/p>\n<\/div>","protected":false},"excerpt":{"rendered":"<p>[vc_row row_height_percent=&#8221;25&#8243; override_padding=&#8221;yes&#8221; h_padding=&#8221;1&#8243; top_padding=&#8221;3&#8243; bottom_padding=&#8221;3&#8243; back_color=&#8221;accent&#8221; overlay_color=&#8221;accent&#8221; overlay_alpha=&#8221;100&#8243; gutter_size=&#8221;3&#8243; column_width_percent=&#8221;100&#8243; shift_y=&#8221;0&#8243; z_index=&#8221;0&#8243; el_class=&#8221;event-over-header&#8221;][vc_column column_width_percent=&#8221;75&#8243; position_horizontal=&#8221;left&#8221; position_vertical=&#8221;bottom&#8221; gutter_size=&#8221;3&#8243; style=&#8221;dark&#8221; overlay_alpha=&#8221;50&#8243; [&hellip;]<\/p>\n","protected":false},"author":3,"featured_media":0,"parent":0,"menu_order":0,"comment_status":"closed","ping_status":"closed","template":"","meta":{"footnotes":""},"class_list":["post-84417","page","type-page","status-publish","hentry","page_category-events"],"yoast_head":"<!-- This site is optimized with the Yoast SEO plugin v26.3 - https:\/\/yoast.com\/wordpress\/plugins\/seo\/ -->\n<title>Traumabasierte Trauerbegleitung in Essen<\/title>\n<meta name=\"description\" content=\"Psychotherapeutische Trauerbegleitung bei traumatischen Erfahrungen und blockierter Trauer in Essen. Ich begleite Menschen, deren Trauer durch fr\u00fchere Verletzungen, Bindungserfahrungen oder \u00fcberw\u00e4ltigende Ereignisse gepr\u00e4gt ist, und schaffe einen sicheren Raum, in dem all das behutsam verstanden und gehalten werden darf. In meiner traumabasierten Trauerarbeit verbinde ich systemische Perspektiven mit traumasensiblen Methoden, sodass Menschen wieder Zugang zu Stabilit\u00e4t, innerer Orientierung und ihrer eigenen Kraft finden k\u00f6nnen.\" \/>\n<meta name=\"robots\" content=\"index, follow, max-snippet:-1, max-image-preview:large, max-video-preview:-1\" \/>\n<link rel=\"canonical\" href=\"https:\/\/amel-paulukat.com\/en\/tramabasierte-trauerbegleitung\/\" \/>\n<meta property=\"og:locale\" content=\"en_US\" \/>\n<meta property=\"og:locale:alternate\" content=\"de_DE\" \/>\n<meta property=\"og:type\" content=\"article\" \/>\n<meta property=\"og:title\" content=\"Traumabasierte Trauerbegleitung in Essen\" \/>\n<meta property=\"og:description\" content=\"Psychotherapeutische Trauerbegleitung bei traumatischen Erfahrungen und blockierter Trauer in Essen. Ich begleite Menschen, deren Trauer durch fr\u00fchere Verletzungen, Bindungserfahrungen oder \u00fcberw\u00e4ltigende Ereignisse gepr\u00e4gt ist, und schaffe einen sicheren Raum, in dem all das behutsam verstanden und gehalten werden darf. In meiner traumabasierten Trauerarbeit verbinde ich systemische Perspektiven mit traumasensiblen Methoden, sodass Menschen wieder Zugang zu Stabilit\u00e4t, innerer Orientierung und ihrer eigenen Kraft finden k\u00f6nnen.\" \/>\n<meta property=\"og:url\" content=\"https:\/\/amel-paulukat.com\/en\/tramabasierte-trauerbegleitung\/\" \/>\n<meta property=\"og:site_name\" content=\"Amel Paulukat\" \/>\n<meta property=\"article:modified_time\" content=\"2026-02-13T13:13:59+00:00\" \/>\n<meta property=\"og:image\" content=\"https:\/\/amel-paulukat.com\/wp-content\/uploads\/2024\/06\/amel-paulukat-social-ing.jpg\" \/>\n\t<meta property=\"og:image:width\" content=\"1200\" \/>\n\t<meta property=\"og:image:height\" content=\"675\" \/>\n\t<meta property=\"og:image:type\" content=\"image\/jpeg\" \/>\n<meta name=\"twitter:card\" content=\"summary_large_image\" \/>\n<meta name=\"twitter:label1\" content=\"Est. reading time\" \/>\n\t<meta name=\"twitter:data1\" content=\"10 minutes\" \/>\n<script type=\"application\/ld+json\" class=\"yoast-schema-graph\">{\"@context\":\"https:\/\/schema.org\",\"@graph\":[{\"@type\":\"Article\",\"@id\":\"https:\/\/amel-paulukat.com\/tramabasierte-trauerbegleitung\/#article\",\"isPartOf\":{\"@id\":\"https:\/\/amel-paulukat.com\/tramabasierte-trauerbegleitung\/\"},\"author\":{\"name\":\"Iulia Constantinescu\",\"@id\":\"https:\/\/amel-paulukat.com\/#\/schema\/person\/2c32c3b1567bfea1878f29f33dec9a68\"},\"headline\":\"Traumabasierte Trauerbegleitung in Essen\",\"datePublished\":\"2024-01-29T11:20:57+00:00\",\"dateModified\":\"2026-02-13T13:13:59+00:00\",\"mainEntityOfPage\":{\"@id\":\"https:\/\/amel-paulukat.com\/tramabasierte-trauerbegleitung\/\"},\"wordCount\":2555,\"publisher\":{\"@id\":\"https:\/\/amel-paulukat.com\/#\/schema\/person\/cd05944b0f597d1839ccee7266348297\"},\"inLanguage\":\"en-US\"},{\"@type\":\"WebPage\",\"@id\":\"https:\/\/amel-paulukat.com\/tramabasierte-trauerbegleitung\/\",\"url\":\"https:\/\/amel-paulukat.com\/tramabasierte-trauerbegleitung\/\",\"name\":\"Traumabasierte Trauerbegleitung in Essen\",\"isPartOf\":{\"@id\":\"https:\/\/amel-paulukat.com\/#website\"},\"datePublished\":\"2024-01-29T11:20:57+00:00\",\"dateModified\":\"2026-02-13T13:13:59+00:00\",\"description\":\"Psychotherapeutische Trauerbegleitung bei traumatischen Erfahrungen und blockierter Trauer in Essen. Ich begleite Menschen, deren Trauer durch fr\u00fchere Verletzungen, Bindungserfahrungen oder \u00fcberw\u00e4ltigende Ereignisse gepr\u00e4gt ist, und schaffe einen sicheren Raum, in dem all das behutsam verstanden und gehalten werden darf. In meiner traumabasierten Trauerarbeit verbinde ich systemische Perspektiven mit traumasensiblen Methoden, sodass Menschen wieder Zugang zu Stabilit\u00e4t, innerer Orientierung und ihrer eigenen Kraft finden k\u00f6nnen.\",\"breadcrumb\":{\"@id\":\"https:\/\/amel-paulukat.com\/tramabasierte-trauerbegleitung\/#breadcrumb\"},\"inLanguage\":\"en-US\",\"potentialAction\":[{\"@type\":\"ReadAction\",\"target\":[\"https:\/\/amel-paulukat.com\/tramabasierte-trauerbegleitung\/\"]}]},{\"@type\":\"BreadcrumbList\",\"@id\":\"https:\/\/amel-paulukat.com\/tramabasierte-trauerbegleitung\/#breadcrumb\",\"itemListElement\":[{\"@type\":\"ListItem\",\"position\":1,\"name\":\"Home\",\"item\":\"https:\/\/amel-paulukat.com\/\"},{\"@type\":\"ListItem\",\"position\":2,\"name\":\"Traumabasierte Trauerbegleitung in Essen\"}]},{\"@type\":\"WebSite\",\"@id\":\"https:\/\/amel-paulukat.com\/#website\",\"url\":\"https:\/\/amel-paulukat.com\/\",\"name\":\"Amel Paulukat\",\"description\":\"Therapeutische Beratung Konfliktl\u00f6sung & Meditation\",\"publisher\":{\"@id\":\"https:\/\/amel-paulukat.com\/#\/schema\/person\/cd05944b0f597d1839ccee7266348297\"},\"potentialAction\":[{\"@type\":\"SearchAction\",\"target\":{\"@type\":\"EntryPoint\",\"urlTemplate\":\"https:\/\/amel-paulukat.com\/?s={search_term_string}\"},\"query-input\":{\"@type\":\"PropertyValueSpecification\",\"valueRequired\":true,\"valueName\":\"search_term_string\"}}],\"inLanguage\":\"en-US\"},{\"@type\":[\"Person\",\"Organization\"],\"@id\":\"https:\/\/amel-paulukat.com\/#\/schema\/person\/cd05944b0f597d1839ccee7266348297\",\"name\":\"Amel Paulukat\",\"image\":{\"@type\":\"ImageObject\",\"inLanguage\":\"en-US\",\"@id\":\"https:\/\/amel-paulukat.com\/#\/schema\/person\/image\/\",\"url\":\"https:\/\/amel-paulukat.com\/wp-content\/uploads\/2020\/05\/Amel-Manai_Logo.png\",\"contentUrl\":\"https:\/\/amel-paulukat.com\/wp-content\/uploads\/2020\/05\/Amel-Manai_Logo.png\",\"width\":507,\"height\":341,\"caption\":\"Amel Paulukat\"},\"logo\":{\"@id\":\"https:\/\/amel-paulukat.com\/#\/schema\/person\/image\/\"},\"sameAs\":[\"https:\/\/amel-paulukat.com\"]},{\"@type\":\"Person\",\"@id\":\"https:\/\/amel-paulukat.com\/#\/schema\/person\/2c32c3b1567bfea1878f29f33dec9a68\",\"name\":\"Iulia Constantinescu\",\"url\":\"https:\/\/amel-paulukat.com\/en\/author\/iulia\/\"}]}<\/script>\n<!-- \/ Yoast SEO plugin. -->","yoast_head_json":{"title":"Traumabasierte Trauerbegleitung in Essen","description":"Psychotherapeutische Trauerbegleitung bei traumatischen Erfahrungen und blockierter Trauer in Essen. Ich begleite Menschen, deren Trauer durch fr\u00fchere Verletzungen, Bindungserfahrungen oder \u00fcberw\u00e4ltigende Ereignisse gepr\u00e4gt ist, und schaffe einen sicheren Raum, in dem all das behutsam verstanden und gehalten werden darf. In meiner traumabasierten Trauerarbeit verbinde ich systemische Perspektiven mit traumasensiblen Methoden, sodass Menschen wieder Zugang zu Stabilit\u00e4t, innerer Orientierung und ihrer eigenen Kraft finden k\u00f6nnen.","robots":{"index":"index","follow":"follow","max-snippet":"max-snippet:-1","max-image-preview":"max-image-preview:large","max-video-preview":"max-video-preview:-1"},"canonical":"https:\/\/amel-paulukat.com\/en\/tramabasierte-trauerbegleitung\/","og_locale":"en_US","og_type":"article","og_title":"[:de]Traumabasierte Trauerbegleitung in Essen[:] - Amel Paulukat","og_description":"[:de]Psychotherapeutische Trauerbegleitung bei traumatischen Erfahrungen und blockierter Trauer in Essen. Ich begleite Menschen, deren Trauer durch fr\u00fchere Verletzungen, Bindungserfahrungen oder \u00fcberw\u00e4ltigende Ereignisse gepr\u00e4gt ist, und schaffe einen sicheren Raum, in dem all das behutsam verstanden und gehalten werden darf. In meiner traumabasierten Trauerarbeit verbinde ich systemische Perspektiven mit traumasensiblen Methoden, sodass Menschen wieder Zugang zu Stabilit\u00e4t, innerer Orientierung und ihrer eigenen Kraft finden k\u00f6nnen.[:]","og_url":"https:\/\/amel-paulukat.com\/en\/tramabasierte-trauerbegleitung\/","og_site_name":"Amel Paulukat","article_modified_time":"2026-02-13T13:13:59+00:00","og_image":[{"width":1200,"height":675,"url":"https:\/\/amel-paulukat.com\/wp-content\/uploads\/2024\/06\/amel-paulukat-social-ing.jpg","type":"image\/jpeg"}],"twitter_card":"summary_large_image","twitter_misc":{"Est. reading time":"10 minutes"},"schema":{"@context":"https:\/\/schema.org","@graph":[{"@type":"Article","@id":"https:\/\/amel-paulukat.com\/tramabasierte-trauerbegleitung\/#article","isPartOf":{"@id":"https:\/\/amel-paulukat.com\/tramabasierte-trauerbegleitung\/"},"author":{"name":"Iulia Constantinescu","@id":"https:\/\/amel-paulukat.com\/#\/schema\/person\/2c32c3b1567bfea1878f29f33dec9a68"},"headline":"Traumabasierte Trauerbegleitung in Essen","datePublished":"2024-01-29T11:20:57+00:00","dateModified":"2026-02-13T13:13:59+00:00","mainEntityOfPage":{"@id":"https:\/\/amel-paulukat.com\/tramabasierte-trauerbegleitung\/"},"wordCount":2555,"publisher":{"@id":"https:\/\/amel-paulukat.com\/#\/schema\/person\/cd05944b0f597d1839ccee7266348297"},"inLanguage":"en-US"},{"@type":"WebPage","@id":"https:\/\/amel-paulukat.com\/tramabasierte-trauerbegleitung\/","url":"https:\/\/amel-paulukat.com\/tramabasierte-trauerbegleitung\/","name":"Traumabasierte Trauerbegleitung in Essen","isPartOf":{"@id":"https:\/\/amel-paulukat.com\/#website"},"datePublished":"2024-01-29T11:20:57+00:00","dateModified":"2026-02-13T13:13:59+00:00","description":"Psychotherapeutische Trauerbegleitung bei traumatischen Erfahrungen und blockierter Trauer in Essen. Ich begleite Menschen, deren Trauer durch fr\u00fchere Verletzungen, Bindungserfahrungen oder \u00fcberw\u00e4ltigende Ereignisse gepr\u00e4gt ist, und schaffe einen sicheren Raum, in dem all das behutsam verstanden und gehalten werden darf. In meiner traumabasierten Trauerarbeit verbinde ich systemische Perspektiven mit traumasensiblen Methoden, sodass Menschen wieder Zugang zu Stabilit\u00e4t, innerer Orientierung und ihrer eigenen Kraft finden k\u00f6nnen.","breadcrumb":{"@id":"https:\/\/amel-paulukat.com\/tramabasierte-trauerbegleitung\/#breadcrumb"},"inLanguage":"en-US","potentialAction":[{"@type":"ReadAction","target":["https:\/\/amel-paulukat.com\/tramabasierte-trauerbegleitung\/"]}]},{"@type":"BreadcrumbList","@id":"https:\/\/amel-paulukat.com\/tramabasierte-trauerbegleitung\/#breadcrumb","itemListElement":[{"@type":"ListItem","position":1,"name":"Home","item":"https:\/\/amel-paulukat.com\/"},{"@type":"ListItem","position":2,"name":"Traumabasierte Trauerbegleitung in Essen"}]},{"@type":"WebSite","@id":"https:\/\/amel-paulukat.com\/#website","url":"https:\/\/amel-paulukat.com\/","name":"Amel Paulukat","description":"Therapeutische Beratung Konfliktl\u00f6sung & Meditation","publisher":{"@id":"https:\/\/amel-paulukat.com\/#\/schema\/person\/cd05944b0f597d1839ccee7266348297"},"potentialAction":[{"@type":"SearchAction","target":{"@type":"EntryPoint","urlTemplate":"https:\/\/amel-paulukat.com\/?s={search_term_string}"},"query-input":{"@type":"PropertyValueSpecification","valueRequired":true,"valueName":"search_term_string"}}],"inLanguage":"en-US"},{"@type":["Person","Organization"],"@id":"https:\/\/amel-paulukat.com\/#\/schema\/person\/cd05944b0f597d1839ccee7266348297","name":"Amel Paulukat","image":{"@type":"ImageObject","inLanguage":"en-US","@id":"https:\/\/amel-paulukat.com\/#\/schema\/person\/image\/","url":"https:\/\/amel-paulukat.com\/wp-content\/uploads\/2020\/05\/Amel-Manai_Logo.png","contentUrl":"https:\/\/amel-paulukat.com\/wp-content\/uploads\/2020\/05\/Amel-Manai_Logo.png","width":507,"height":341,"caption":"Amel Paulukat"},"logo":{"@id":"https:\/\/amel-paulukat.com\/#\/schema\/person\/image\/"},"sameAs":["https:\/\/amel-paulukat.com"]},{"@type":"Person","@id":"https:\/\/amel-paulukat.com\/#\/schema\/person\/2c32c3b1567bfea1878f29f33dec9a68","name":"Iulia Constantinescu","url":"https:\/\/amel-paulukat.com\/en\/author\/iulia\/"}]}},"_links":{"self":[{"href":"https:\/\/amel-paulukat.com\/en\/wp-json\/wp\/v2\/pages\/84417","targetHints":{"allow":["GET"]}}],"collection":[{"href":"https:\/\/amel-paulukat.com\/en\/wp-json\/wp\/v2\/pages"}],"about":[{"href":"https:\/\/amel-paulukat.com\/en\/wp-json\/wp\/v2\/types\/page"}],"author":[{"embeddable":true,"href":"https:\/\/amel-paulukat.com\/en\/wp-json\/wp\/v2\/users\/3"}],"replies":[{"embeddable":true,"href":"https:\/\/amel-paulukat.com\/en\/wp-json\/wp\/v2\/comments?post=84417"}],"version-history":[{"count":225,"href":"https:\/\/amel-paulukat.com\/en\/wp-json\/wp\/v2\/pages\/84417\/revisions"}],"predecessor-version":[{"id":86481,"href":"https:\/\/amel-paulukat.com\/en\/wp-json\/wp\/v2\/pages\/84417\/revisions\/86481"}],"wp:attachment":[{"href":"https:\/\/amel-paulukat.com\/en\/wp-json\/wp\/v2\/media?parent=84417"}],"curies":[{"name":"wp","href":"https:\/\/api.w.org\/{rel}","templated":true}]}}