{"id":85421,"date":"2024-08-21T15:01:10","date_gmt":"2024-08-21T15:01:10","guid":{"rendered":"https:\/\/amel-paulukat.com\/?page_id=85421"},"modified":"2024-10-31T12:15:35","modified_gmt":"2024-10-31T12:15:35","slug":"seminar-systemische-familienaufstellungen-autonomie-in-essen","status":"publish","type":"page","link":"https:\/\/amel-paulukat.com\/en\/seminar-systemische-familienaufstellungen-autonomie-in-essen\/","title":{"rendered":"Seminar &#8211; Jetzt bin ich dran \u2013 Meine Autonomie-Mein Leben"},"content":{"rendered":"<div class=\"wpb-content-wrapper\"><p>[vc_row row_height_percent=&#8221;15&#8243; override_padding=&#8221;yes&#8221; h_padding=&#8221;1&#8243; top_padding=&#8221;2&#8243; bottom_padding=&#8221;2&#8243; back_color=&#8221;accent&#8221; overlay_color=&#8221;accent&#8221; overlay_alpha=&#8221;100&#8243; gutter_size=&#8221;3&#8243; column_width_percent=&#8221;100&#8243; shift_y=&#8221;0&#8243; z_index=&#8221;0&#8243; el_class=&#8221;event-over-header-slim&#8221;][vc_column column_width_percent=&#8221;75&#8243; position_horizontal=&#8221;left&#8221; position_vertical=&#8221;bottom&#8221; gutter_size=&#8221;2&#8243; style=&#8221;dark&#8221; overlay_alpha=&#8221;50&#8243; shift_x=&#8221;0&#8243; shift_y=&#8221;0&#8243; shift_y_down=&#8221;0&#8243; z_index=&#8221;0&#8243; medium_width=&#8221;0&#8243; align_mobile=&#8221;align_left_mobile&#8221; mobile_width=&#8221;0&#8243; width=&#8221;1\/2&#8243; mobile_height=&#8221;55&#8243;][vc_single_image media=&#8221;84090&#8243; media_width_percent=&#8221;12&#8243; el_class=&#8221;hidden&#8221;][vc_custom_heading heading_semantic=&#8221;h3&#8243; text_size=&#8221;h3&#8243; text_weight=&#8221;400&#8243; text_height=&#8221;fontheight-796472&#8243; text_color=&#8221;color-xsdn&#8221; el_class=&#8221;intro-heading&#8221;]Transformation durch Systemische Familienaufstellungen in Essen[\/vc_custom_heading][\/vc_column][vc_column column_width_percent=&#8221;100&#8243; gutter_size=&#8221;3&#8243; overlay_alpha=&#8221;50&#8243; shift_x=&#8221;0&#8243; shift_y=&#8221;0&#8243; shift_y_down=&#8221;0&#8243; z_index=&#8221;0&#8243; medium_width=&#8221;0&#8243; mobile_width=&#8221;0&#8243; width=&#8221;1\/2&#8243; el_class=&#8221;empty-cell&#8221;][\/vc_column][\/vc_row][vc_row row_height_percent=&#8221;0&#8243; override_padding=&#8221;yes&#8221; h_padding=&#8221;2&#8243; top_padding=&#8221;1&#8243; bottom_padding=&#8221;2&#8243; back_image=&#8221;85496&#8243; overlay_alpha=&#8221;0&#8243; gutter_size=&#8221;3&#8243; column_width_percent=&#8221;100&#8243; shift_y=&#8221;0&#8243; z_index=&#8221;0&#8243;][vc_column column_width_percent=&#8221;100&#8243; gutter_size=&#8221;4&#8243; overlay_alpha=&#8221;50&#8243; shift_x=&#8221;0&#8243; shift_y=&#8221;0&#8243; shift_y_down=&#8221;0&#8243; z_index=&#8221;0&#8243; medium_width=&#8221;0&#8243; mobile_width=&#8221;0&#8243; width=&#8221;1\/1&#8243;][vc_row_inner row_inner_height_percent=&#8221;0&#8243; overlay_alpha=&#8221;50&#8243; gutter_size=&#8221;4&#8243; shift_y=&#8221;0&#8243; z_index=&#8221;0&#8243; el_class=&#8221;event-intro-cell&#8221; limit_content=&#8221;&#8221;][vc_column_inner column_width_percent=&#8221;100&#8243; gutter_size=&#8221;3&#8243; overlay_alpha=&#8221;50&#8243; shift_x=&#8221;0&#8243; shift_y=&#8221;0&#8243; shift_y_down=&#8221;0&#8243; z_index=&#8221;0&#8243; medium_width=&#8221;0&#8243; mobile_width=&#8221;0&#8243; sticky=&#8221;yes&#8221; width=&#8221;1\/2&#8243;][vc_empty_space empty_h=&#8221;0&#8243; el_class=&#8221;mobile-hidden&#8221;][vc_custom_heading heading_semantic=&#8221;h1&#8243; text_color=&#8221;accent&#8221; separator=&#8221;under&#8221; separator_color=&#8221;yes&#8221; sub_lead=&#8221;yes&#8221; el_class=&#8221;event-main-title&#8221; subheading=&#8221;<strong>Sa. 19.10.24<\/strong> &#8211; Famileinaufstellungsseminar in Essen.&#8221;]\u201eJetzt bin ich dran \u2013 Meine Autonomie, Mein Leben!\u201c[\/vc_custom_heading][vc_column_text text_lead=&#8221;yes&#8221; el_class=&#8221;seminar-intro-text&#8221;]<strong>Kennen Sie das?<\/strong><\/p>\n<ul>\n<li>Sie k\u00f6nnen schwer \u201eNein\u201c sagen.<\/li>\n<li>Sie f\u00fchlen sich ausgebrannt und energielos.<\/li>\n<li>Sie wissen oft nicht, was Sie wollen oder brauchen.<\/li>\n<li>Leiden unter Schuldgef\u00fchlen.<\/li>\n<li>Sie f\u00fchlen sich depressiv oder leiden unter \u00c4ngsten.<\/li>\n<li>Sie sind oft \u201eschlecht drauf\u201c ohne zu wissen warum.<\/li>\n<li>Sie \u201estehen neben sich\u201c oder f\u00fchlen sich oft \u201ewie im falschen Film\u201c.<\/li>\n<li>Sie k\u00f6nnen aggressiv werden, sauer, sarkastisch, \u201eau\u00dfer sich vor Wut\u201c.<\/li>\n<li>Sie k\u00f6nnen sich meistens schwer entscheiden.<\/li>\n<li>Beziehungen scheitern oder Sie gehen erst gar keine Beziehung ein.<\/li>\n<li>Sie erleben st\u00e4ndig Konflikte, die sich nicht l\u00f6sen lassen aus Ihrer Sicht.<\/li>\n<li>Sie f\u00fchlen sich schnell ausgenutzt.<\/li>\n<li>Sie lassen Kritik zu nah an sich ran \u2013 sind schnell beleidigt und verletzt.<\/li>\n<li>Sie halten nur wenig von Ihren Kompetenzen.<\/li>\n<li>Sie k\u00f6nnen sich nicht leiden oder lehnen sich selbst ab.<\/li>\n<li>Sie packen Dinge nicht an<\/li>\n<li>Sie finden keine Ziele im Leben.<\/li>\n<li>Sie machen keine beruflichen Fortschritte, obwohl sie sich eine Karriere w\u00fcnschen.<\/li>\n<\/ul>\n<p>[\/vc_column_text][vc_button button_color=&#8221;accent&#8221; size=&#8221;btn-xl&#8221; wide=&#8221;yes&#8221; hover_fx=&#8221;outlined&#8221; border_width=&#8221;0&#8243; css_animation=&#8221;bottom-t-top&#8221; link=&#8221;url:%23event-contact-form&#8221; el_class=&#8221;full-accent-btn&#8221;]Platz reservieren[\/vc_button][\/vc_column_inner][vc_column_inner column_width_percent=&#8221;100&#8243; gutter_size=&#8221;2&#8243; override_padding=&#8221;yes&#8221; column_padding=&#8221;3&#8243; back_color=&#8221;color-xsdn&#8221; overlay_alpha=&#8221;50&#8243; shift_x=&#8221;0&#8243; shift_y=&#8221;-2&#8243; shift_y_down=&#8221;0&#8243; z_index=&#8221;0&#8243; medium_width=&#8221;0&#8243; mobile_width=&#8221;0&#8243; shadow=&#8221;lg&#8221; radius=&#8221;sm&#8221; width=&#8221;1\/2&#8243; el_class=&#8221;contact-icon-box-event&#8221; el_id=&#8221;event-contact-form&#8221;][vc_custom_heading heading_semantic=&#8221;h3&#8243; text_color=&#8221;accent&#8221; subheading=&#8221;<b>Reserviere jetzt deinen Platz!<\/b><br \/>\nBitte f\u00fclle das Formular unten aus und wir werden dich zur Best\u00e4tigung deiner Reservierung telefonisch kontaktieren.&#8221;]Anfrage Senden[\/vc_custom_heading][vc_raw_html]JTVCZmx1ZW50Zm9ybSUyMGlkJTNEJTIyNCUyMiU1RA==[\/vc_raw_html][vc_empty_space empty_h=&#8221;1&#8243; el_class=&#8221;mobile-hidden&#8221;][vc_icon position=&#8221;left&#8221; title_aligned_icon=&#8221;yes&#8221; icon=&#8221;fa fa-phone&#8221; icon_color=&#8221;accent&#8221; size=&#8221;fa-2x&#8221; heading_semantic=&#8221;h6&#8243; text_size=&#8221;h6&#8243; linked_title=&#8221;yes&#8221; title=&#8221;+49 15566443975&#8243; link=&#8221;url:tel%3A%2B49%2015566443975&#8243;]Anmeldungen auch per Telefon moglich[\/vc_icon][\/vc_column_inner][\/vc_row_inner][\/vc_column][\/vc_row][vc_row row_height_percent=&#8221;0&#8243; override_padding=&#8221;yes&#8221; h_padding=&#8221;2&#8243; top_padding=&#8221;3&#8243; bottom_padding=&#8221;3&#8243; back_color=&#8221;color-xsdn&#8221; back_image=&#8221;85277&#8243; back_repeat=&#8221;no-repeat&#8221; back_position=&#8221;right center&#8221; overlay_alpha=&#8221;0&#8243; gutter_size=&#8221;3&#8243; column_width_percent=&#8221;100&#8243; shift_y=&#8221;0&#8243; z_index=&#8221;0&#8243; el_class=&#8221;warm-background-color&#8221;][vc_column width=&#8221;1\/6&#8243;][\/vc_column][vc_column width=&#8221;2\/3&#8243;][vc_custom_heading text_color=&#8221;color-jevc&#8221; separator=&#8221;yes&#8221; separator_color=&#8221;yes&#8221;]Dann ist es Zeit, dieses Problem anzugehen![\/vc_custom_heading][vc_column_text text_lead=&#8221;yes&#8221;]In diesem Familienaufstellungsseminar werden wir Klarheit gewinnen und L\u00f6sungen erarbeiten. Wir werden die Hindernisse beseitigen, die uns daran hindern, selbstbestimmt und frei zu leben. Wir werden <strong>symbiotische Muster aufl\u00f6sen<\/strong> und uns <strong>von den Einschr\u00e4nkungen befreien<\/strong>, die uns davon abhalten, gl\u00fccklich zu sein, erfolgreich zu werden und unsere Bed\u00fcrfnisse zu erf\u00fcllen.[\/vc_column_text][vc_column_text text_lead=&#8221;yes&#8221;]<strong>Symbiotische Muster<\/strong> schr\u00e4nken unsere Autonomie ein: Die meist unbewusste Verbindung zu den Werten, Gef\u00fchlen und Einstellungen fr\u00fcherer Bezugspersonen, die wir \u00fcbernommen haben, um mit ihnen klarzukommen (Identifikation), f\u00fchrt zur Symbiose. Auch die unbewusste Bindung an traumatische oder emotional pr\u00e4gende Erlebnisse behindert unsere Weiterentwicklung. Dadurch f\u00e4llt es uns schwer, gut f\u00fcr uns selbst zu sorgen und auf uns zu achten.[\/vc_column_text][vc_column_text text_lead=&#8221;yes&#8221;]Die spezifische Familienaufstellung- Systemische Selbstintegration nach Dr. Langlotz- zielt darauf ab, Menschen mit sich selbst zu verbinden, ihre eigene Kraft und Identit\u00e4t zu st\u00e4rken und sie n\u00e4her zu ihren eigenen Vorlieben und W\u00fcnschen zu f\u00fchren. Durch Aufstellungen werden <strong>Blockaden gel\u00f6st und Beziehungen gekl\u00e4rt.<\/strong> Selbst in festgefahrenen Lebenssituationen kann so Klarheit geschaffen werden. Der Ansatz basiert auf der Unterscheidung zwischen dem Eigenen und dem Fremden.<br \/>\nFremde Lasten werden zur\u00fcckgegeben, w\u00e4hrend eigene Selbst-Anteile wieder integriert werden. Dadurch gewinnt die aufstellende Person an <strong>Klarheit in ihrer Identit\u00e4t und f\u00fchlt sich st\u00e4rker mit ihrem K\u00f6rper und ihren Emotionen verbunden<\/strong>.[\/vc_column_text][vc_column_text text_lead=&#8221;yes&#8221;]<strong>Stellvertreter ziehen ebenfalls einen Nutzen aus der Aufstellungsarbeit<\/strong>. Sie \u00fcbernehmen die Rollen von Familienmitgliedern und erm\u00f6glichen es, unbewusste Dynamiken und Konflikte sichtbar zu machen. Dadurch k\u00f6nnen sie emotionale Blockaden l\u00f6sen und zu neuen Einsichten und Heilung beitragen.[\/vc_column_text][vc_column_text text_lead=&#8221;yes&#8221;]Mit der systemischen Selbstintegration nach Dr. Langlotz lernen Sie, sich abzugrenzen. Sie lernen, zwischen Ihrem inneren Raum und fremden R\u00e4umen (Fremdeinfl\u00fcssen) zu unterscheiden. Sie nehmen Ihren Raum ein und lernen, \u201eNein\u201c zu sagen. Grenzen sch\u00fctzen Ihre Integrit\u00e4t und geben Ihnen ein Gef\u00fchl der Sicherheit.[\/vc_column_text][vc_column_text text_lead=&#8221;yes&#8221;]<strong>Entdecken Sie an diesem Wochenende die transformative Kraft von Selbstliebe und Selbstbestimmung, die Ihr Leben grundlegend ver\u00e4ndern kann!<\/strong>[\/vc_column_text][vc_empty_space empty_h=&#8221;0&#8243;][vc_button button_color=&#8221;accent&#8221; size=&#8221;btn-lg&#8221; hover_fx=&#8221;full-colored&#8221; border_width=&#8221;0&#8243; css_animation=&#8221;bottom-t-top&#8221; link=&#8221;url:%23event-contact-form&#8221; el_class=&#8221;middle-cta-btn&#8221;]Ich bin dabei![\/vc_button][\/vc_column][vc_column width=&#8221;1\/6&#8243;][\/vc_column][\/vc_row][vc_row row_height_percent=&#8221;0&#8243; override_padding=&#8221;yes&#8221; h_padding=&#8221;2&#8243; top_padding=&#8221;3&#8243; bottom_padding=&#8221;0&#8243; overlay_alpha=&#8221;50&#8243; equal_height=&#8221;yes&#8221; gutter_size=&#8221;3&#8243; column_width_percent=&#8221;100&#8243; shift_y=&#8221;0&#8243; z_index=&#8221;0&#8243; el_class=&#8221;ablauf-programm&#8221;][vc_column column_width_percent=&#8221;100&#8243; position_vertical=&#8221;middle&#8221; gutter_size=&#8221;2&#8243; override_padding=&#8221;yes&#8221; column_padding=&#8221;2&#8243; back_color=&#8221;color-xsdn&#8221; back_image=&#8221;83279&#8243; overlay_alpha=&#8221;50&#8243; shift_x=&#8221;0&#8243; shift_y=&#8221;0&#8243; shift_y_down=&#8221;0&#8243; z_index=&#8221;0&#8243; medium_width=&#8221;0&#8243; mobile_width=&#8221;0&#8243; css_animation=&#8221;bottom-t-top&#8221; radius=&#8221;sm&#8221; width=&#8221;1\/3&#8243; el_class=&#8221;event-ablauf-ort&#8221;][vc_custom_heading heading_semantic=&#8221;h4&#8243; text_size=&#8221;h4&#8243; text_color=&#8221;accent&#8221; el_class=&#8221;column-title-amel&#8221;]Seminartermine[\/vc_custom_heading][vc_column_text el_class=&#8221;padding-left-18 event-card-details&#8221;]<strong>Sa. 9 November 2024<\/strong><\/p>\n<p><strong>Sa. 23 November 2024<\/strong><\/p>\n<p><strong>Sa. 14 Dezember 2024<\/strong><\/p>\n<p><strong>Sa. 1 Februar 2025<\/strong><\/p>\n<p><strong>Sa. 29 M\u00e4rz 2025<\/strong><\/p>\n<p><strong>Sa. 31 Mai 2025<\/strong><\/p>\n<p><strong>Sa. 14 Juni 2025<\/strong><\/p>\n<p><strong>Sa. 19 Juli 2025<\/strong><\/p>\n<p><strong>Sa. 11 Oktober 2025<\/strong><\/p>\n<p><strong>Sa. 29 November 2025<\/strong><\/p>\n<p><strong>Sa. 20 Dezember 2024<\/strong>[\/vc_column_text][vc_custom_heading heading_semantic=&#8221;h4&#8243; text_size=&#8221;h4&#8243; text_color=&#8221;accent&#8221; el_class=&#8221;column-title-amel&#8221;]Ort[\/vc_custom_heading][vc_column_text el_class=&#8221;padding-left-18 event-card-details&#8221;]<strong>Systemische Therapie Praxis<\/strong><br \/>\nFrankenstra\u00dfe 256<br \/>\n45134 Essen[\/vc_column_text][\/vc_column][vc_column column_width_percent=&#8221;100&#8243; gutter_size=&#8221;3&#8243; back_color=&#8221;color-gyho&#8221; back_image=&#8221;84633&#8243; overlay_alpha=&#8221;50&#8243; shift_x=&#8221;0&#8243; shift_y=&#8221;0&#8243; shift_y_down=&#8221;0&#8243; z_index=&#8221;0&#8243; medium_width=&#8221;0&#8243; mobile_width=&#8221;0&#8243; css_animation=&#8221;bottom-t-top&#8221; width=&#8221;1\/3&#8243; link_to=&#8221;url:%23event-contact-form&#8221;][vc_custom_heading heading_semantic=&#8221;h6&#8243; text_size=&#8221;&#8221; text_transform=&#8221;uppercase&#8221; text_color=&#8221;accent&#8221;]Einstimmung &#038; Transformation[\/vc_custom_heading][vc_custom_heading heading_semantic=&#8221;h3&#8243; text_size=&#8221;h3&#8243; subheading=&#8221;\ud83d\udd52 <b>9:30 Uhr \u2013 18:00 Uhr<\/b>&#8220;]<strong>Vertiefende Aufstellungsarbeit<\/strong>[\/vc_custom_heading][\/vc_column][vc_column column_width_percent=&#8221;100&#8243; gutter_size=&#8221;3&#8243; back_image=&#8221;84637&#8243; overlay_alpha=&#8221;50&#8243; shift_x=&#8221;0&#8243; shift_y=&#8221;0&#8243; shift_y_down=&#8221;0&#8243; z_index=&#8221;0&#8243; medium_width=&#8221;0&#8243; mobile_width=&#8221;0&#8243; width=&#8221;1\/3&#8243;][vc_custom_heading heading_semantic=&#8221;h6&#8243; text_size=&#8221;&#8221; text_transform=&#8221;uppercase&#8221; text_color=&#8221;accent&#8221;]Regeneration[\/vc_custom_heading][vc_custom_heading heading_semantic=&#8221;h3&#8243; text_size=&#8221;h3&#8243; subheading=&#8221;\ud83d\udd52 <b>13:15 Uhr &#8211; 14:15 Uhr<\/b>&#8220;]<strong>Mittagspause<\/strong>[\/vc_custom_heading][\/vc_column][\/vc_row][vc_row][vc_column width=&#8221;1\/1&#8243;][vc_empty_space empty_h=&#8221;0&#8243;][\/vc_column][\/vc_row][vc_row row_height_percent=&#8221;0&#8243; override_padding=&#8221;yes&#8221; h_padding=&#8221;2&#8243; top_padding=&#8221;1&#8243; bottom_padding=&#8221;5&#8243; overlay_alpha=&#8221;50&#8243; equal_height=&#8221;yes&#8221; gutter_size=&#8221;3&#8243; column_width_percent=&#8221;100&#8243; shift_y=&#8221;0&#8243; z_index=&#8221;0&#8243; el_class=&#8221;inverted-device-order&#8221;][vc_column column_width_percent=&#8221;100&#8243; position_vertical=&#8221;middle&#8221; gutter_size=&#8221;0&#8243; override_padding=&#8221;yes&#8221; column_padding=&#8221;0&#8243; back_color=&#8221;color-gyho&#8221; overlay_alpha=&#8221;50&#8243; shift_x=&#8221;0&#8243; shift_y=&#8221;0&#8243; shift_y_down=&#8221;0&#8243; z_index=&#8221;0&#8243; medium_width=&#8221;0&#8243; mobile_width=&#8221;0&#8243; radius=&#8221;sm&#8221; width=&#8221;1\/3&#8243;][vc_raw_html]JTNDaWZyYW1lJTIwc3JjJTNEJTIyaHR0cHMlM0ElMkYlMkZ3d3cuZ29vZ2xlLmNvbSUyRm1hcHMlMkZlbWJlZCUzRnBiJTNEJTIxMW0xOCUyMTFtMTIlMjExbTMlMjExZDI0ODcuOTc4MTk4NTM1MDUzJTIxMmQ3LjAyMzg5NjY3ODcxNzY3JTIxM2Q1MS40MjE4MjcxMTk0OTQyMyUyMTJtMyUyMTFmMCUyMTJmMCUyMTNmMCUyMTNtMiUyMTFpMTAyNCUyMTJpNzY4JTIxNGYxMy4xJTIxM20zJTIxMW0yJTIxMXMweDQ3YjhkY2RhZWFiMjM5NzElMjUzQTB4NWE0MTcwYTcyNzg1MWZlMCUyMTJzRnJhbmtlbnN0cmElMjVDMyUyNTlGZSUyNTIwMjU2JTI1MkMlMjUyMDQ1MTM0JTI1MjBFc3NlbiUyNTJDJTI1MjBHZXJtYW55JTIxNWUwJTIxM20yJTIxMXNlbiUyMTJzcm8lMjE0djE3Mjc3MDMxNTYyNDQlMjE1bTIlMjExc2VuJTIxMnNybyUyMiUyMHdpZHRoJTNEJTIyNjAwJTIyJTIwaGVpZ2h0JTNEJTIyNDAwJTIyJTIwc3R5bGUlM0QlMjJib3JkZXIlM0Fzb2xpZCUyMDRweCUyMCUyM2ZmZiUzQiUyMiUyMGFsbG93ZnVsbHNjcmVlbiUzRCUyMiUyMiUyMGxvYWRpbmclM0QlMjJsYXp5JTIyJTIwcmVmZXJyZXJwb2xpY3klM0QlMjJuby1yZWZlcnJlci13aGVuLWRvd25ncmFkZSUyMiUzRSUzQyUyRmlmcmFtZSUzRQ==[\/vc_raw_html][\/vc_column][vc_column column_width_percent=&#8221;100&#8243; gutter_size=&#8221;3&#8243; overlay_alpha=&#8221;50&#8243; shift_x=&#8221;0&#8243; shift_y=&#8221;0&#8243; shift_y_down=&#8221;0&#8243; z_index=&#8221;0&#8243; medium_width=&#8221;0&#8243; mobile_width=&#8221;0&#8243; width=&#8221;2\/3&#8243; el_class=&#8221;lp-kosten-box&#8221;][vc_custom_heading heading_semantic=&#8221;h4&#8243; text_size=&#8221;h4&#8243; text_color=&#8221;color-jevc&#8221; separator=&#8221;yes&#8221; separator_color=&#8221;yes&#8221; sub_reduced=&#8221;yes&#8221; el_class=&#8221;column-title-amel&#8221;]Seminar Kosten[\/vc_custom_heading][vc_column_text el_class=&#8221;padding-left-18&#8243;]<strong>Aufsteller: <span class=\"price-event-amel\">140 Euro<\/span><\/strong><br \/>\n<strong>Stellvertreter: <span class=\"price-event-amel\">40 Euro<\/span><\/strong>[\/vc_column_text][vc_empty_space empty_h=&#8221;1&#8243;][vc_custom_heading heading_semantic=&#8221;h5&#8243; text_size=&#8221;h5&#8243; text_color=&#8221;color-jevc&#8221; separator=&#8221;yes&#8221; separator_color=&#8221;yes&#8221; sub_reduced=&#8221;yes&#8221; el_class=&#8221;column-title-amel&#8221;]Voraussetzung[\/vc_custom_heading][vc_column_text el_class=&#8221;padding-left-18&#8243;]<strong>Ein telefonisches Vorgespr\u00e4ch<\/strong> ist Voraussetzung, um Ihre individuellen Anliegen zu besprechen und den gr\u00f6\u00dftm\u00f6glichen Nutzen aus dem Seminar zu ziehen.<\/p>\n<p>Rufnummer: <a href=\"tel:+49 15566443975\">015566443975<\/a>[\/vc_column_text][\/vc_column][\/vc_row][vc_row row_height_percent=&#8221;40&#8243; override_padding=&#8221;yes&#8221; h_padding=&#8221;2&#8243; top_padding=&#8221;2&#8243; bottom_padding=&#8221;2&#8243; back_color=&#8221;accent&#8221; overlay_alpha=&#8221;50&#8243; gutter_size=&#8221;3&#8243; column_width_percent=&#8221;100&#8243; shift_y=&#8221;0&#8243; z_index=&#8221;0&#8243; el_class=&#8221;attend-now-last-sec&#8221;][vc_column column_width_use_pixel=&#8221;yes&#8221; position_vertical=&#8221;middle&#8221; align_horizontal=&#8221;align_center&#8221; gutter_size=&#8221;1&#8243; style=&#8221;dark&#8221; overlay_alpha=&#8221;50&#8243; shift_x=&#8221;0&#8243; shift_y=&#8221;0&#8243; shift_y_down=&#8221;0&#8243; z_index=&#8221;0&#8243; medium_width=&#8221;0&#8243; align_mobile=&#8221;align_left_mobile&#8221; mobile_width=&#8221;0&#8243; width=&#8221;1\/1&#8243; column_width_pixel=&#8221;900&#8243; mobile_height=&#8221;150&#8243;][vc_custom_heading text_weight=&#8221;500&#8243; css_animation=&#8221;bottom-t-top&#8221;]Erforschen Sie die Kraft der Liebe und finden Sie den Weg zu einer erf\u00fcllten Partnerschaft in meinem Familienaufstellungsseminar, das Ihrem Leben neue Perspektiven er\u00f6ffnet.[\/vc_custom_heading][vc_empty_space empty_h=&#8221;1&#8243;][vc_button button_color=&#8221;color-xsdn&#8221; size=&#8221;btn-lg&#8221; hover_fx=&#8221;outlined&#8221; outline=&#8221;yes&#8221; text_skin=&#8221;yes&#8221; border_width=&#8221;0&#8243; css_animation=&#8221;bottom-t-top&#8221; link=&#8221;url:%23event-contact-form&#8221; el_class=&#8221;amel-event-last-cta&#8221;]Anfrage Senden[\/vc_button][\/vc_column][\/vc_row]<\/p>\n<\/div>","protected":false},"excerpt":{"rendered":"<p>[vc_row row_height_percent=&#8221;15&#8243; override_padding=&#8221;yes&#8221; h_padding=&#8221;1&#8243; top_padding=&#8221;2&#8243; bottom_padding=&#8221;2&#8243; back_color=&#8221;accent&#8221; overlay_color=&#8221;accent&#8221; overlay_alpha=&#8221;100&#8243; gutter_size=&#8221;3&#8243; column_width_percent=&#8221;100&#8243; shift_y=&#8221;0&#8243; z_index=&#8221;0&#8243; el_class=&#8221;event-over-header-slim&#8221;][vc_column column_width_percent=&#8221;75&#8243; position_horizontal=&#8221;left&#8221; position_vertical=&#8221;bottom&#8221; gutter_size=&#8221;2&#8243; style=&#8221;dark&#8221; overlay_alpha=&#8221;50&#8243; [&hellip;]<\/p>\n","protected":false},"author":3,"featured_media":0,"parent":0,"menu_order":0,"comment_status":"closed","ping_status":"closed","template":"","meta":{"footnotes":""},"class_list":["post-85421","page","type-page","status-publish","hentry"],"yoast_head":"<!-- This site is optimized with the Yoast SEO plugin v26.3 - https:\/\/yoast.com\/wordpress\/plugins\/seo\/ -->\n<title>Seminar - Jetzt bin ich dran \u2013 Meine Autonomie-Mein Leben<\/title>\n<meta name=\"description\" content=\"Das Familienaufstellungsseminar \u201eJetzt bin ich dran \u2013 meine Autonomie-mein Leben\u201c in Essen ist darauf ausgerichtet, den Teilnehmenden zu helfen, ihre pers\u00f6nliche Autonomie zur\u00fcckzugewinnen und das eigene Leben selbst bestimmt zu gestalten. Unterschiedliche Methoden der systemischen Familienaufstellung werden verwendet, um famili\u00e4re oder zwischenmenschliche Verstrickungen sichtbar zu machen, die die pers\u00f6nliche Freiheit und Lebensgestaltung einschr\u00e4nken k\u00f6nnen. Durch das Aufstellen von Familienmitgliedern oder symbolischen Stellvertretern werden unbewusste Dynamiken aufgedeckt. Ziel ist es, hinderliche Muster zu erkennen, um gest\u00e4rkt und eigenverantwortlich den eigenen Lebensweg zu gestalten. Dieses Seminar unterst\u00fctzt die Teilnehmenden dabei, sich von famili\u00e4ren Einfl\u00fcssen zu l\u00f6sen, die das eigene Handeln und Entscheidungen negativ beeinflussen k\u00f6nnten\u200b\" \/>\n<meta name=\"robots\" content=\"index, follow, max-snippet:-1, max-image-preview:large, max-video-preview:-1\" \/>\n<link rel=\"canonical\" href=\"https:\/\/amel-paulukat.com\/en\/seminar-systemische-familienaufstellungen-autonomie-in-essen\/\" \/>\n<meta property=\"og:locale\" content=\"en_US\" \/>\n<meta property=\"og:locale:alternate\" content=\"de_DE\" \/>\n<meta property=\"og:type\" content=\"article\" \/>\n<meta property=\"og:title\" content=\"Seminar - Jetzt bin ich dran \u2013 Meine Autonomie-Mein Leben\" \/>\n<meta property=\"og:description\" content=\"Das Familienaufstellungsseminar \u201eJetzt bin ich dran \u2013 meine Autonomie-mein Leben\u201c in Essen ist darauf ausgerichtet, den Teilnehmenden zu helfen, ihre pers\u00f6nliche Autonomie zur\u00fcckzugewinnen und das eigene Leben selbst bestimmt zu gestalten. Unterschiedliche Methoden der systemischen Familienaufstellung werden verwendet, um famili\u00e4re oder zwischenmenschliche Verstrickungen sichtbar zu machen, die die pers\u00f6nliche Freiheit und Lebensgestaltung einschr\u00e4nken k\u00f6nnen. Durch das Aufstellen von Familienmitgliedern oder symbolischen Stellvertretern werden unbewusste Dynamiken aufgedeckt. Ziel ist es, hinderliche Muster zu erkennen, um gest\u00e4rkt und eigenverantwortlich den eigenen Lebensweg zu gestalten. Dieses Seminar unterst\u00fctzt die Teilnehmenden dabei, sich von famili\u00e4ren Einfl\u00fcssen zu l\u00f6sen, die das eigene Handeln und Entscheidungen negativ beeinflussen k\u00f6nnten\u200b\" \/>\n<meta property=\"og:url\" content=\"https:\/\/amel-paulukat.com\/en\/seminar-systemische-familienaufstellungen-autonomie-in-essen\/\" \/>\n<meta property=\"og:site_name\" content=\"Amel Paulukat\" \/>\n<meta property=\"article:modified_time\" content=\"2024-10-31T12:15:35+00:00\" \/>\n<meta property=\"og:image\" content=\"https:\/\/amel-paulukat.com\/wp-content\/uploads\/2024\/06\/amel-paulukat-social-ing.jpg\" \/>\n\t<meta property=\"og:image:width\" content=\"1200\" \/>\n\t<meta property=\"og:image:height\" content=\"675\" \/>\n\t<meta property=\"og:image:type\" content=\"image\/jpeg\" \/>\n<meta name=\"twitter:card\" content=\"summary_large_image\" \/>\n<meta name=\"twitter:label1\" content=\"Est. reading time\" \/>\n\t<meta name=\"twitter:data1\" content=\"5 minutes\" \/>\n<script type=\"application\/ld+json\" class=\"yoast-schema-graph\">{\"@context\":\"https:\/\/schema.org\",\"@graph\":[{\"@type\":\"Article\",\"@id\":\"https:\/\/amel-paulukat.com\/seminar-systemische-familienaufstellungen-autonomie-in-essen\/#article\",\"isPartOf\":{\"@id\":\"https:\/\/amel-paulukat.com\/seminar-systemische-familienaufstellungen-autonomie-in-essen\/\"},\"author\":{\"name\":\"Iulia Constantinescu\",\"@id\":\"https:\/\/amel-paulukat.com\/#\/schema\/person\/2c32c3b1567bfea1878f29f33dec9a68\"},\"headline\":\"Seminar &#8211; Jetzt bin ich dran \u2013 Meine Autonomie-Mein Leben\",\"datePublished\":\"2024-08-21T15:01:10+00:00\",\"dateModified\":\"2024-10-31T12:15:35+00:00\",\"mainEntityOfPage\":{\"@id\":\"https:\/\/amel-paulukat.com\/seminar-systemische-familienaufstellungen-autonomie-in-essen\/\"},\"wordCount\":1895,\"publisher\":{\"@id\":\"https:\/\/amel-paulukat.com\/#\/schema\/person\/cd05944b0f597d1839ccee7266348297\"},\"inLanguage\":\"en-US\"},{\"@type\":\"WebPage\",\"@id\":\"https:\/\/amel-paulukat.com\/seminar-systemische-familienaufstellungen-autonomie-in-essen\/\",\"url\":\"https:\/\/amel-paulukat.com\/seminar-systemische-familienaufstellungen-autonomie-in-essen\/\",\"name\":\"Seminar - Jetzt bin ich dran \u2013 Meine Autonomie-Mein Leben\",\"isPartOf\":{\"@id\":\"https:\/\/amel-paulukat.com\/#website\"},\"datePublished\":\"2024-08-21T15:01:10+00:00\",\"dateModified\":\"2024-10-31T12:15:35+00:00\",\"description\":\"Das Familienaufstellungsseminar \u201eJetzt bin ich dran \u2013 meine Autonomie-mein Leben\u201c in Essen ist darauf ausgerichtet, den Teilnehmenden zu helfen, ihre pers\u00f6nliche Autonomie zur\u00fcckzugewinnen und das eigene Leben selbst bestimmt zu gestalten. Unterschiedliche Methoden der systemischen Familienaufstellung werden verwendet, um famili\u00e4re oder zwischenmenschliche Verstrickungen sichtbar zu machen, die die pers\u00f6nliche Freiheit und Lebensgestaltung einschr\u00e4nken k\u00f6nnen. Durch das Aufstellen von Familienmitgliedern oder symbolischen Stellvertretern werden unbewusste Dynamiken aufgedeckt. Ziel ist es, hinderliche Muster zu erkennen, um gest\u00e4rkt und eigenverantwortlich den eigenen Lebensweg zu gestalten. Dieses Seminar unterst\u00fctzt die Teilnehmenden dabei, sich von famili\u00e4ren Einfl\u00fcssen zu l\u00f6sen, die das eigene Handeln und Entscheidungen negativ beeinflussen k\u00f6nnten\u200b\",\"breadcrumb\":{\"@id\":\"https:\/\/amel-paulukat.com\/seminar-systemische-familienaufstellungen-autonomie-in-essen\/#breadcrumb\"},\"inLanguage\":\"en-US\",\"potentialAction\":[{\"@type\":\"ReadAction\",\"target\":[\"https:\/\/amel-paulukat.com\/seminar-systemische-familienaufstellungen-autonomie-in-essen\/\"]}]},{\"@type\":\"BreadcrumbList\",\"@id\":\"https:\/\/amel-paulukat.com\/seminar-systemische-familienaufstellungen-autonomie-in-essen\/#breadcrumb\",\"itemListElement\":[{\"@type\":\"ListItem\",\"position\":1,\"name\":\"Home\",\"item\":\"https:\/\/amel-paulukat.com\/\"},{\"@type\":\"ListItem\",\"position\":2,\"name\":\"Seminar &#8211; Jetzt bin ich dran \u2013 Meine Autonomie-Mein Leben\"}]},{\"@type\":\"WebSite\",\"@id\":\"https:\/\/amel-paulukat.com\/#website\",\"url\":\"https:\/\/amel-paulukat.com\/\",\"name\":\"Amel Paulukat\",\"description\":\"Therapeutische Beratung Konfliktl\u00f6sung & Meditation\",\"publisher\":{\"@id\":\"https:\/\/amel-paulukat.com\/#\/schema\/person\/cd05944b0f597d1839ccee7266348297\"},\"potentialAction\":[{\"@type\":\"SearchAction\",\"target\":{\"@type\":\"EntryPoint\",\"urlTemplate\":\"https:\/\/amel-paulukat.com\/?s={search_term_string}\"},\"query-input\":{\"@type\":\"PropertyValueSpecification\",\"valueRequired\":true,\"valueName\":\"search_term_string\"}}],\"inLanguage\":\"en-US\"},{\"@type\":[\"Person\",\"Organization\"],\"@id\":\"https:\/\/amel-paulukat.com\/#\/schema\/person\/cd05944b0f597d1839ccee7266348297\",\"name\":\"Amel Paulukat\",\"image\":{\"@type\":\"ImageObject\",\"inLanguage\":\"en-US\",\"@id\":\"https:\/\/amel-paulukat.com\/#\/schema\/person\/image\/\",\"url\":\"https:\/\/amel-paulukat.com\/wp-content\/uploads\/2020\/05\/Amel-Manai_Logo.png\",\"contentUrl\":\"https:\/\/amel-paulukat.com\/wp-content\/uploads\/2020\/05\/Amel-Manai_Logo.png\",\"width\":507,\"height\":341,\"caption\":\"Amel Paulukat\"},\"logo\":{\"@id\":\"https:\/\/amel-paulukat.com\/#\/schema\/person\/image\/\"},\"sameAs\":[\"https:\/\/amel-paulukat.com\"]},{\"@type\":\"Person\",\"@id\":\"https:\/\/amel-paulukat.com\/#\/schema\/person\/2c32c3b1567bfea1878f29f33dec9a68\",\"name\":\"Iulia Constantinescu\",\"url\":\"https:\/\/amel-paulukat.com\/en\/author\/iulia\/\"}]}<\/script>\n<!-- \/ Yoast SEO plugin. -->","yoast_head_json":{"title":"Seminar - Jetzt bin ich dran \u2013 Meine Autonomie-Mein Leben","description":"Das Familienaufstellungsseminar \u201eJetzt bin ich dran \u2013 meine Autonomie-mein Leben\u201c in Essen ist darauf ausgerichtet, den Teilnehmenden zu helfen, ihre pers\u00f6nliche Autonomie zur\u00fcckzugewinnen und das eigene Leben selbst bestimmt zu gestalten. Unterschiedliche Methoden der systemischen Familienaufstellung werden verwendet, um famili\u00e4re oder zwischenmenschliche Verstrickungen sichtbar zu machen, die die pers\u00f6nliche Freiheit und Lebensgestaltung einschr\u00e4nken k\u00f6nnen. Durch das Aufstellen von Familienmitgliedern oder symbolischen Stellvertretern werden unbewusste Dynamiken aufgedeckt. Ziel ist es, hinderliche Muster zu erkennen, um gest\u00e4rkt und eigenverantwortlich den eigenen Lebensweg zu gestalten. Dieses Seminar unterst\u00fctzt die Teilnehmenden dabei, sich von famili\u00e4ren Einfl\u00fcssen zu l\u00f6sen, die das eigene Handeln und Entscheidungen negativ beeinflussen k\u00f6nnten\u200b","robots":{"index":"index","follow":"follow","max-snippet":"max-snippet:-1","max-image-preview":"max-image-preview:large","max-video-preview":"max-video-preview:-1"},"canonical":"https:\/\/amel-paulukat.com\/en\/seminar-systemische-familienaufstellungen-autonomie-in-essen\/","og_locale":"en_US","og_type":"article","og_title":"[:de]Seminar - Jetzt bin ich dran \u2013 Meine Autonomie-Mein Leben[:] - Amel Paulukat","og_description":"Das Familienaufstellungsseminar \u201eJetzt bin ich dran \u2013 meine Autonomie-mein Leben\u201c in Essen ist darauf ausgerichtet, den Teilnehmenden zu helfen, ihre pers\u00f6nliche Autonomie zur\u00fcckzugewinnen und das eigene Leben selbst bestimmt zu gestalten. Unterschiedliche Methoden der systemischen Familienaufstellung werden verwendet, um famili\u00e4re oder zwischenmenschliche Verstrickungen sichtbar zu machen, die die pers\u00f6nliche Freiheit und Lebensgestaltung einschr\u00e4nken k\u00f6nnen. Durch das Aufstellen von Familienmitgliedern oder symbolischen Stellvertretern werden unbewusste Dynamiken aufgedeckt. Ziel ist es, hinderliche Muster zu erkennen, um gest\u00e4rkt und eigenverantwortlich den eigenen Lebensweg zu gestalten. Dieses Seminar unterst\u00fctzt die Teilnehmenden dabei, sich von famili\u00e4ren Einfl\u00fcssen zu l\u00f6sen, die das eigene Handeln und Entscheidungen negativ beeinflussen k\u00f6nnten\u200b","og_url":"https:\/\/amel-paulukat.com\/en\/seminar-systemische-familienaufstellungen-autonomie-in-essen\/","og_site_name":"Amel Paulukat","article_modified_time":"2024-10-31T12:15:35+00:00","og_image":[{"width":1200,"height":675,"url":"https:\/\/amel-paulukat.com\/wp-content\/uploads\/2024\/06\/amel-paulukat-social-ing.jpg","type":"image\/jpeg"}],"twitter_card":"summary_large_image","twitter_misc":{"Est. reading time":"5 minutes"},"schema":{"@context":"https:\/\/schema.org","@graph":[{"@type":"Article","@id":"https:\/\/amel-paulukat.com\/seminar-systemische-familienaufstellungen-autonomie-in-essen\/#article","isPartOf":{"@id":"https:\/\/amel-paulukat.com\/seminar-systemische-familienaufstellungen-autonomie-in-essen\/"},"author":{"name":"Iulia Constantinescu","@id":"https:\/\/amel-paulukat.com\/#\/schema\/person\/2c32c3b1567bfea1878f29f33dec9a68"},"headline":"Seminar &#8211; Jetzt bin ich dran \u2013 Meine Autonomie-Mein Leben","datePublished":"2024-08-21T15:01:10+00:00","dateModified":"2024-10-31T12:15:35+00:00","mainEntityOfPage":{"@id":"https:\/\/amel-paulukat.com\/seminar-systemische-familienaufstellungen-autonomie-in-essen\/"},"wordCount":1895,"publisher":{"@id":"https:\/\/amel-paulukat.com\/#\/schema\/person\/cd05944b0f597d1839ccee7266348297"},"inLanguage":"en-US"},{"@type":"WebPage","@id":"https:\/\/amel-paulukat.com\/seminar-systemische-familienaufstellungen-autonomie-in-essen\/","url":"https:\/\/amel-paulukat.com\/seminar-systemische-familienaufstellungen-autonomie-in-essen\/","name":"Seminar - Jetzt bin ich dran \u2013 Meine Autonomie-Mein Leben","isPartOf":{"@id":"https:\/\/amel-paulukat.com\/#website"},"datePublished":"2024-08-21T15:01:10+00:00","dateModified":"2024-10-31T12:15:35+00:00","description":"Das Familienaufstellungsseminar \u201eJetzt bin ich dran \u2013 meine Autonomie-mein Leben\u201c in Essen ist darauf ausgerichtet, den Teilnehmenden zu helfen, ihre pers\u00f6nliche Autonomie zur\u00fcckzugewinnen und das eigene Leben selbst bestimmt zu gestalten. Unterschiedliche Methoden der systemischen Familienaufstellung werden verwendet, um famili\u00e4re oder zwischenmenschliche Verstrickungen sichtbar zu machen, die die pers\u00f6nliche Freiheit und Lebensgestaltung einschr\u00e4nken k\u00f6nnen. Durch das Aufstellen von Familienmitgliedern oder symbolischen Stellvertretern werden unbewusste Dynamiken aufgedeckt. Ziel ist es, hinderliche Muster zu erkennen, um gest\u00e4rkt und eigenverantwortlich den eigenen Lebensweg zu gestalten. Dieses Seminar unterst\u00fctzt die Teilnehmenden dabei, sich von famili\u00e4ren Einfl\u00fcssen zu l\u00f6sen, die das eigene Handeln und Entscheidungen negativ beeinflussen k\u00f6nnten\u200b","breadcrumb":{"@id":"https:\/\/amel-paulukat.com\/seminar-systemische-familienaufstellungen-autonomie-in-essen\/#breadcrumb"},"inLanguage":"en-US","potentialAction":[{"@type":"ReadAction","target":["https:\/\/amel-paulukat.com\/seminar-systemische-familienaufstellungen-autonomie-in-essen\/"]}]},{"@type":"BreadcrumbList","@id":"https:\/\/amel-paulukat.com\/seminar-systemische-familienaufstellungen-autonomie-in-essen\/#breadcrumb","itemListElement":[{"@type":"ListItem","position":1,"name":"Home","item":"https:\/\/amel-paulukat.com\/"},{"@type":"ListItem","position":2,"name":"Seminar &#8211; Jetzt bin ich dran \u2013 Meine Autonomie-Mein Leben"}]},{"@type":"WebSite","@id":"https:\/\/amel-paulukat.com\/#website","url":"https:\/\/amel-paulukat.com\/","name":"Amel Paulukat","description":"Therapeutische Beratung Konfliktl\u00f6sung & Meditation","publisher":{"@id":"https:\/\/amel-paulukat.com\/#\/schema\/person\/cd05944b0f597d1839ccee7266348297"},"potentialAction":[{"@type":"SearchAction","target":{"@type":"EntryPoint","urlTemplate":"https:\/\/amel-paulukat.com\/?s={search_term_string}"},"query-input":{"@type":"PropertyValueSpecification","valueRequired":true,"valueName":"search_term_string"}}],"inLanguage":"en-US"},{"@type":["Person","Organization"],"@id":"https:\/\/amel-paulukat.com\/#\/schema\/person\/cd05944b0f597d1839ccee7266348297","name":"Amel Paulukat","image":{"@type":"ImageObject","inLanguage":"en-US","@id":"https:\/\/amel-paulukat.com\/#\/schema\/person\/image\/","url":"https:\/\/amel-paulukat.com\/wp-content\/uploads\/2020\/05\/Amel-Manai_Logo.png","contentUrl":"https:\/\/amel-paulukat.com\/wp-content\/uploads\/2020\/05\/Amel-Manai_Logo.png","width":507,"height":341,"caption":"Amel Paulukat"},"logo":{"@id":"https:\/\/amel-paulukat.com\/#\/schema\/person\/image\/"},"sameAs":["https:\/\/amel-paulukat.com"]},{"@type":"Person","@id":"https:\/\/amel-paulukat.com\/#\/schema\/person\/2c32c3b1567bfea1878f29f33dec9a68","name":"Iulia Constantinescu","url":"https:\/\/amel-paulukat.com\/en\/author\/iulia\/"}]}},"_links":{"self":[{"href":"https:\/\/amel-paulukat.com\/en\/wp-json\/wp\/v2\/pages\/85421","targetHints":{"allow":["GET"]}}],"collection":[{"href":"https:\/\/amel-paulukat.com\/en\/wp-json\/wp\/v2\/pages"}],"about":[{"href":"https:\/\/amel-paulukat.com\/en\/wp-json\/wp\/v2\/types\/page"}],"author":[{"embeddable":true,"href":"https:\/\/amel-paulukat.com\/en\/wp-json\/wp\/v2\/users\/3"}],"replies":[{"embeddable":true,"href":"https:\/\/amel-paulukat.com\/en\/wp-json\/wp\/v2\/comments?post=85421"}],"version-history":[{"count":95,"href":"https:\/\/amel-paulukat.com\/en\/wp-json\/wp\/v2\/pages\/85421\/revisions"}],"predecessor-version":[{"id":85637,"href":"https:\/\/amel-paulukat.com\/en\/wp-json\/wp\/v2\/pages\/85421\/revisions\/85637"}],"wp:attachment":[{"href":"https:\/\/amel-paulukat.com\/en\/wp-json\/wp\/v2\/media?parent=85421"}],"curies":[{"name":"wp","href":"https:\/\/api.w.org\/{rel}","templated":true}]}}